{"id":6,"date":"2021-07-05T15:06:46","date_gmt":"2021-07-05T15:06:46","guid":{"rendered":"https:\/\/blissful-ardinghelli.5-183-216-2.plesk.page\/?page_id=6"},"modified":"2023-06-20T10:26:03","modified_gmt":"2023-06-20T08:26:03","slug":"landingpage","status":"publish","type":"page","link":"https:\/\/www.forschungsvielfalt.at\/","title":{"rendered":"Initiative: Forschungsvielfalt"},"content":{"rendered":"<p>[vc_section css=&#8221;.vc_custom_1625743168837{padding-bottom: 50px !important;}&#8221;][vc_row gap=&#8221;35&#8243;][vc_column][vc_column_text el_class=&#8221;lead&#8221;]<\/p>\n<p data-pm-slice=\"1 1 []\"><a href=\"https:\/\/www.forschungsvielfalt.at\/wp-content\/uploads\/2023\/06\/FHK23_Forschungsvielfalt_Ergebnisbericht_200x297_FINAL_EINZEL.pdf\">Ergebnisbericht:<\/a> Forschungsvielfalt: Bessere Rahmenbedingungen gew\u00fcnscht!<\/p>\n<p data-pm-slice=\"1 1 []\">Veranstaltung am 20. Juni 2023 &#8211; <a href=\"https:\/\/www.forschungsvielfalt.at\/wp-content\/uploads\/2023\/06\/IFV_programm_20.06.2023.pdf\">Forschungsvielfalt: Bessere Rahmenbedingungen gew\u00fcnscht!<\/a><\/p>\n<p data-pm-slice=\"1 1 []\">Die <a href=\"https:\/\/www.forschungsvielfalt.at\/wp-content\/uploads\/2021\/07\/Initiative.pdf\" target=\"_blank\" rel=\"noopener\">Initiative: Forschungsvielfalt<\/a> wurde ins Leben gerufen, um f\u00fcr eine starke, vielf\u00e4ltige und zukunftsf\u00e4hige Forschungslandschaft in \u00d6sterreich einzutreten. Vielfalt und Wettbewerb sind dabei unverzichtbare Faktoren f\u00fcr ein effektives und gut funktionierendes Forschungssystem, zu dem sowohl Grundlagenforschung als auch anwendungsorientierte Forschung geh\u00f6ren. Universit\u00e4ten, Fachhochschulen sowie au\u00dferuniversit\u00e4re Forschungseinrichtungen haben darin ebenso ihren Platz wie gro\u00dfe und etablierte Forschungsorganisationen oder kleine und flexible Forschungseinheiten.<\/p>\n<p><a href=\"https:\/\/www.forschungsvielfalt.at\/wp-content\/uploads\/2021\/07\/Initiative.pdf\" target=\"_blank\" rel=\"noopener\">\u2192 Hier geht es zur Charta der Initiative<\/a><\/p>\n<p>Mit dieser Initiative m\u00f6chten wir das Bewusstsein f\u00fcr die Bedeutung der Anwendungsorientierung in der Forschung sch\u00e4rfen und die Vorteile einer vielf\u00e4ltigen Forschungslandschaft in k\u00fcnftigen Forschungspolitikstrategien verankern.[\/vc_column_text][\/vc_column][\/vc_row][vc_row gap=&#8221;35&#8243; css=&#8221;.vc_custom_1625607251087{margin-top: 40px !important;margin-bottom: 0px !important;}&#8221;][vc_column width=&#8221;1\/2&#8243;][vc_column_text]<\/p>\n<blockquote>\n<p style=\"text-align: left;\">\u201eMit der Initiative: Forschungsvielfalt wollen wir ein Zeichen setzen, Vielfalt und Wettbewerb als St\u00e4rke und Vorteil zu begreifen. Denn in der ACR sehen wir t\u00e4glich, wie wichtig und f\u00f6rderlich die Anwendungsorientierung f\u00fcr die Forschung ist, um f\u00fcr aktuelle Herausforderungen die besten L\u00f6sungen zu finden.\u201c<\/p>\n<\/blockquote>\n<h5 style=\"text-align: left; margin-bottom: 0;\">Iris Filzwieser<\/h5>\n<p style=\"text-align: left;\">ACR-Pr\u00e4sidentin<\/p>\n<p>[\/vc_column_text][\/vc_column][vc_column width=&#8221;1\/2&#8243;][vc_column_text]<\/p>\n<blockquote>\n<p style=\"text-align: right;\">\u201eEs ist unbestritten, dass die Forschung durch das Zusammenwirken von Hochschule, Wirtschaft und Gesellschaft eine besondere Kraft entfaltet. Dies ist ein wichtiges Element der Initiative Forschungsvielfalt.\u201c<\/p>\n<\/blockquote>\n<h5 style=\"text-align: right; margin-bottom: 0;\">Raimund Ribitsch<\/h5>\n<p style=\"text-align: right;\">FHK-Pr\u00e4sident<\/p>\n<p>[\/vc_column_text][\/vc_column][\/vc_row][\/vc_section][vc_section][vc_row][vc_column][vc_btn title=&#8221;Alle Unterst\u00fctzer*innen ansehen&#8221; style=&#8221;custom&#8221; custom_background=&#8221;#d54946&#8243; custom_text=&#8221;#000000&#8243; shape=&#8221;square&#8221; align=&#8221;center&#8221; link=&#8221;url:https%3A%2F%2Fwww.forschungsvielfalt.at%2F%3Fpage_id%3D3077|title:Unterst%C3%BCtzer&#8221;][vc_custom_heading text=&#8221;Hier die Initiative unterst\u00fctzen!&#8221; font_container=&#8221;tag:h2|text_align:center&#8221; use_theme_fonts=&#8221;yes&#8221;]<div class=\"wpforms-container wpforms-container-full\" id=\"wpforms-2699\"><form id=\"wpforms-form-2699\" class=\"wpforms-validate wpforms-form wpforms-ajax-form\" data-formid=\"2699\" method=\"post\" enctype=\"multipart\/form-data\" action=\"\/index.php?rest_route=%2Fwp%2Fv2%2Fpages%2F6&#038;wpforms_form_id=2699\" data-token=\"d608d1a4b965f86e77392543956d2210\" data-token-time=\"1777717561\"><noscript class=\"wpforms-error-noscript\">Bitte aktiviere JavaScript in deinem Browser, um dieses Formular fertigzustellen.<\/noscript><div class=\"wpforms-field-container\"><div id=\"wpforms-2699-field_12-container\" class=\"wpforms-field wpforms-field-text\" data-field-id=\"12\"><label class=\"wpforms-field-label\" for=\"wpforms-2699-field_12\">Organisation<\/label><input type=\"text\" id=\"wpforms-2699-field_12\" class=\"wpforms-field-large\" name=\"wpforms[fields][12]\" ><\/div><div id=\"wpforms-2699-field_15-container\" class=\"wpforms-field wpforms-field-text wpforms-one-half wpforms-first\" data-field-id=\"15\"><label class=\"wpforms-field-label\" for=\"wpforms-2699-field_15\">Titel vorgestellt<\/label><input type=\"text\" id=\"wpforms-2699-field_15\" class=\"wpforms-field-large\" name=\"wpforms[fields][15]\" ><\/div><div id=\"wpforms-2699-field_16-container\" class=\"wpforms-field wpforms-field-text wpforms-one-half\" data-field-id=\"16\"><label class=\"wpforms-field-label\" for=\"wpforms-2699-field_16\">Titel nachgestellt<\/label><input type=\"text\" id=\"wpforms-2699-field_16\" class=\"wpforms-field-large\" name=\"wpforms[fields][16]\" ><\/div><div id=\"wpforms-2699-field_17-container\" class=\"wpforms-field wpforms-field-text\" data-field-id=\"17\"><label class=\"wpforms-field-label\" for=\"wpforms-2699-field_17\">Vorname <span class=\"wpforms-required-label\">*<\/span><\/label><input type=\"text\" id=\"wpforms-2699-field_17\" class=\"wpforms-field-large wpforms-field-required\" name=\"wpforms[fields][17]\" required><\/div><div id=\"wpforms-2699-field_18-container\" class=\"wpforms-field wpforms-field-text\" data-field-id=\"18\"><label class=\"wpforms-field-label\" for=\"wpforms-2699-field_18\">Zuname <span class=\"wpforms-required-label\">*<\/span><\/label><input type=\"text\" id=\"wpforms-2699-field_18\" class=\"wpforms-field-large wpforms-field-required\" name=\"wpforms[fields][18]\" required><\/div><div id=\"wpforms-2699-field_19-container\" class=\"wpforms-field wpforms-field-text\" data-field-id=\"19\"><label class=\"wpforms-field-label\" for=\"wpforms-2699-field_19\">Funktion <span class=\"wpforms-required-label\">*<\/span><\/label><input type=\"text\" id=\"wpforms-2699-field_19\" class=\"wpforms-field-large wpforms-field-required\" name=\"wpforms[fields][19]\" required><\/div><div id=\"wpforms-2699-field_20-container\" class=\"wpforms-field wpforms-field-text\" data-field-id=\"20\"><label class=\"wpforms-field-label\" for=\"wpforms-2699-field_20\">Stra\u00dfe <span class=\"wpforms-required-label\">*<\/span><\/label><input type=\"text\" id=\"wpforms-2699-field_20\" class=\"wpforms-field-large wpforms-field-required\" name=\"wpforms[fields][20]\" required><\/div><div id=\"wpforms-2699-field_21-container\" class=\"wpforms-field wpforms-field-text\" data-field-id=\"21\"><label class=\"wpforms-field-label\" for=\"wpforms-2699-field_21\">Hausnummer \/ Top <span class=\"wpforms-required-label\">*<\/span><\/label><input type=\"text\" id=\"wpforms-2699-field_21\" class=\"wpforms-field-large wpforms-field-required\" name=\"wpforms[fields][21]\" required><\/div><div id=\"wpforms-2699-field_22-container\" class=\"wpforms-field wpforms-field-text\" data-field-id=\"22\"><label class=\"wpforms-field-label\" for=\"wpforms-2699-field_22\">Postleitzahl  <span class=\"wpforms-required-label\">*<\/span><\/label><input type=\"text\" id=\"wpforms-2699-field_22\" class=\"wpforms-field-large wpforms-field-required\" name=\"wpforms[fields][22]\" required><\/div><div id=\"wpforms-2699-field_23-container\" class=\"wpforms-field wpforms-field-text\" data-field-id=\"23\"><label class=\"wpforms-field-label\" for=\"wpforms-2699-field_23\">Stadt  <span class=\"wpforms-required-label\">*<\/span><\/label><input type=\"text\" id=\"wpforms-2699-field_23\" class=\"wpforms-field-large wpforms-field-required\" name=\"wpforms[fields][23]\" required><\/div><div id=\"wpforms-2699-field_25-container\" class=\"wpforms-field wpforms-field-email\" data-field-id=\"25\"><label class=\"wpforms-field-label\" for=\"wpforms-2699-field_25\">E-Mail-Adresse <span class=\"wpforms-required-label\">*<\/span><\/label><input type=\"email\" id=\"wpforms-2699-field_25\" class=\"wpforms-field-large wpforms-field-required\" name=\"wpforms[fields][25]\" spellcheck=\"false\" required><\/div><div id=\"wpforms-2699-field_26-container\" class=\"wpforms-field wpforms-field-phone\" data-field-id=\"26\"><label class=\"wpforms-field-label\" for=\"wpforms-2699-field_26\">Telefonnummer<\/label><input type=\"tel\" id=\"wpforms-2699-field_26\" class=\"wpforms-field-large wpforms-smart-phone-field\" data-rule-smart-phone-field=\"true\" name=\"wpforms[fields][26]\" aria-label=\"Telefonnummer\" ><\/div><div id=\"wpforms-2699-field_27-container\" class=\"wpforms-field wpforms-field-file-upload\" data-field-id=\"27\"><label class=\"wpforms-field-label\" for=\"wpforms-2699-field_27\">Logo<\/label><div\n\t\tclass=\"wpforms-uploader \"\n\t\tdata-field-id=\"27\"\n\t\tdata-form-id=\"2699\"\n\t\tdata-input-name=\"wpforms_2699_27\"\n\t\tdata-extensions=\"jpg,jpeg,png,gif\"\n\t\tdata-max-size=\"2097152\"\n\t\tdata-max-file-number=\"1\"\n\t\tdata-post-max-size=\"2097152\"\n\t\tdata-max-parallel-uploads=\"4\"\n\t\tdata-parallel-uploads=\"true\"\n\t\tdata-file-chunk-size=\"2097152\">\n\t<div class=\"dz-message\">\n\t\t<svg  viewBox=\"0 0 640 640\" focusable=\"false\" data-icon=\"inbox\" width=\"50px\" height=\"50px\" fill=\"currentColor\" aria-hidden=\"true\">\n\t\t\t<path d=\"M352 173.3L352 384C352 401.7 337.7 416 320 416C302.3 416 288 401.7 288 384L288 173.3L246.6 214.7C234.1 227.2 213.8 227.2 201.3 214.7C188.8 202.2 188.8 181.9 201.3 169.4L297.3 73.4C309.8 60.9 330.1 60.9 342.6 73.4L438.6 169.4C451.1 181.9 451.1 202.2 438.6 214.7C426.1 227.2 405.8 227.2 393.3 214.7L352 173.3zM320 464C364.2 464 400 428.2 400 384L480 384C515.3 384 544 412.7 544 448L544 480C544 515.3 515.3 544 480 544L160 544C124.7 544 96 515.3 96 480L96 448C96 412.7 124.7 384 160 384L240 384C240 428.2 275.8 464 320 464zM464 488C477.3 488 488 477.3 488 464C488 450.7 477.3 440 464 440C450.7 440 440 450.7 440 464C440 477.3 450.7 488 464 488z\"\/>\n\t\t<\/svg>\n\n\t\t<span class=\"modern-title\">\n\t\t\t\t\t\t\tDrag &amp; Drop Files, \t\t\t\t<span>Choose Files to Upload<\/span>\n\t\t\t\t\t<\/span>\n\n\t\t\t<\/div>\n<\/div>\n\n<input\n\t\ttype=\"text\"\n\t\tautocomplete=\"off\"\n\t\treadonly\n\t\tclass=\"dropzone-input\"\n\t\tstyle=\"position:absolute!important;clip:rect(0,0,0,0)!important;height:1px!important;width:1px!important;border:0!important;overflow:hidden!important;padding:0!important;margin:0!important;\"\n\t\tid=\"wpforms-2699-field_27\"\n\t\tname=\"wpforms_2699_27\" \t\tvalue=\"\">\n<\/div><div id=\"wpforms-2699-field_28-container\" class=\"wpforms-field wpforms-field-textarea\" data-field-id=\"28\"><label class=\"wpforms-field-label\" for=\"wpforms-2699-field_28\">Zitat<\/label><textarea id=\"wpforms-2699-field_28\" class=\"wpforms-field-medium\" name=\"wpforms[fields][28]\" ><\/textarea><\/div><div id=\"wpforms-2699-field_31-container\" class=\"wpforms-field wpforms-field-textarea\" data-field-id=\"31\"><label class=\"wpforms-field-label\" for=\"wpforms-2699-field_31\">Anmerkungen<\/label><textarea id=\"wpforms-2699-field_31\" class=\"wpforms-field-medium\" name=\"wpforms[fields][31]\" ><\/textarea><\/div><div id=\"wpforms-2699-field_30-container\" class=\"wpforms-field wpforms-field-checkbox\" data-field-id=\"30\"><ul id=\"wpforms-2699-field_30\" class=\"wpforms-field-required\"><li class=\"choice-3 depth-1\"><input type=\"checkbox\" id=\"wpforms-2699-field_30_3\" name=\"wpforms[fields][30][]\" value=\"Ich bin einverstanden, dass meine Daten gespeichert werden und dass mein Vor- und Zuname bzw. die Bezeichnung der unterst\u00fctzenden Organisation auf der Website \u00f6ffentlich angezeigt werden. Ich bin au\u00dferdem einverstanden, dass mir Informationen \u00fcber die Arbeit von Initiative: Forschungsvielfalt zugesandt werden. Diese Einwilligung kann ich jederzeit widerrufen.\" required ><label class=\"wpforms-field-label-inline\" for=\"wpforms-2699-field_30_3\">Ich bin einverstanden, dass meine Daten gespeichert werden und dass mein Vor- und Zuname bzw. die Bezeichnung der unterst\u00fctzenden Organisation auf der Website \u00f6ffentlich angezeigt werden. Ich bin au\u00dferdem einverstanden, dass mir Informationen \u00fcber die Arbeit von Initiative: Forschungsvielfalt zugesandt werden. Diese Einwilligung kann ich jederzeit widerrufen.<\/label><\/li><\/ul><\/div><\/div><!-- .wpforms-field-container --><div class=\"wpforms-submit-container\" ><input type=\"hidden\" name=\"wpforms[id]\" value=\"2699\"><input type=\"hidden\" name=\"page_title\" value=\"\"><input type=\"hidden\" name=\"page_url\" value=\"https:\/\/www.forschungsvielfalt.at\/index.php?rest_route=\/wp\/v2\/pages\/6\"><input type=\"hidden\" name=\"url_referer\" value=\"\"><button type=\"submit\" name=\"wpforms[submit]\" id=\"wpforms-submit-2699\" class=\"wpforms-submit btn btn--primary type--uppercase\" aria-live=\"assertive\" value=\"wpforms-submit\">Initiative unterst\u00fctzen<\/button><img loading=\"lazy\" decoding=\"async\" src=\"https:\/\/www.forschungsvielfalt.at\/wp-content\/plugins\/wpforms\/assets\/images\/submit-spin.svg\" class=\"wpforms-submit-spinner\" style=\"display: none;\" width=\"26\" height=\"26\" alt=\"Wird geladen\"><\/div><\/form><\/div>  <!-- .wpforms-container -->[\/vc_column][\/vc_row][\/vc_section][vc_section][vc_row css=&#8221;.vc_custom_1625743033740{margin-bottom: 80px !important;}&#8221;][vc_column][vc_custom_heading text=&#8221;Unsere Unterst\u00fctzer*innen:&#8221; font_container=&#8221;tag:h2|text_align:center&#8221; use_theme_fonts=&#8221;yes&#8221;][\/vc_column][\/vc_row][vc_row css=&#8221;.vc_custom_1625743002119{margin-top: 80px !important;margin-bottom: 80px !important;}&#8221;][vc_column][vc_column_text]<div class=\"logo-carousel slider slider--inline-arrows slider--arrows-hover text-center variant-disable-vjr\" data-arrows=\"true\" data-timing=\"2000\">\n\t<ul class=\"slides variant-disable-vjr\">\n\t\t\t\t\t\t\t<li class=\"col-sm-4 col-xs-6\">\n\t\t\t\t\t\t<h5 style=\"margin-bottom: 0\">klaus&nbsp;RENNMAYR<\/h5>\n\t\t\t\t\t\t<span>klaus RENNMAYR dipl.ing.arch.in rest<\/span>\n                    <\/li>\n\t\t\t\t\t\t\t<li class=\"col-sm-4 col-xs-6\">\n\t\t\t\t\t\t<h5 style=\"margin-bottom: 0\">Andreas&nbsp;Nachbagauer<\/h5>\n\t\t\t\t\t\t<span>FH des BFI Wien<\/span>\n                    <\/li>\n\t\t\t\t\t\t\t<li class=\"col-sm-4 col-xs-6\">\n\t\t\t\t\t\t<h5 style=\"margin-bottom: 0\">Anton&nbsp;Kraft<\/h5>\n\t\t\t\t\t\t<span>IMC Krems<\/span>\n                    <\/li>\n\t\t\t\t\t\t\t<li class=\"col-sm-4 col-xs-6\">\n\t\t\t\t\t\t<h5 style=\"margin-bottom: 0\">Katharina&nbsp;Salomon<\/h5>\n\t\t\t\t\t\t<span><\/span>\n                    <\/li>\n\t\t\t\t\t\t\t<li class=\"col-sm-4 col-xs-6\">\n\t\t\t\t\t\t<h5 style=\"margin-bottom: 0\">Maija&nbsp;Worek<\/h5>\n\t\t\t\t\t\t<span>FHWien der WKW<\/span>\n                    <\/li>\n\t\t\t\t\t\t\t<li class=\"col-sm-4 col-xs-6\">\n\t\t\t\t\t\t<h5 style=\"margin-bottom: 0\">Christoph&nbsp;Tautscher<\/h5>\n\t\t\t\t\t\t<span>FHWien der WKW<\/span>\n                    <\/li>\n\t\t\t\t\t\t\t<li class=\"col-sm-4 col-xs-6\">\n\t\t\t\t\t\t<h5 style=\"margin-bottom: 0\">Michael&nbsp;Leitner<\/h5>\n\t\t\t\t\t\t<span>Fachhochschule Salzburg<\/span>\n                    <\/li>\n\t\t\t\t\t\t\t<li class=\"col-sm-4 col-xs-6\">\n\t\t\t\t\t\t<h5 style=\"margin-bottom: 0\">Maria&nbsp;Schallar<\/h5>\n\t\t\t\t\t\t<span>FHWien der WKW<\/span>\n                    <\/li>\n\t\t\t\t\t\t\t<li class=\"col-sm-4 col-xs-6\">\n\t\t\t\t\t\t<h5 style=\"margin-bottom: 0\">Josef&nbsp;Altmann<\/h5>\n\t\t\t\t\t\t<span>FH O\u00d6 Studienbetriebs GmbH<\/span>\n                    <\/li>\n\t\t\t\t\t\t\t<li class=\"col-sm-4 col-xs-6\">\n\t\t\t\t\t\t<h5 style=\"margin-bottom: 0\">Gabriele&nbsp;Bucher<\/h5>\n\t\t\t\t\t\t<span>Fachhochschule des BFI Wien<\/span>\n                    <\/li>\n\t\t\t\t\t\t\t<li class=\"col-sm-4 col-xs-6\">\n\t\t\t\t\t\t<h5 style=\"margin-bottom: 0\">Martin&nbsp;Vettori<\/h5>\n\t\t\t\t\t\t<span>FH des BFI Wien<\/span>\n                    <\/li>\n\t\t\t\t\t\t\t<li class=\"col-sm-4 col-xs-6\">\n\t\t\t\t\t\t<h5 style=\"margin-bottom: 0\">Walter&nbsp;Mayrhofer<\/h5>\n\t\t\t\t\t\t<span>FHWien der WKW<\/span>\n                    <\/li>\n\t\t\t\t\t\t\t<li class=\"col-sm-4 col-xs-6\">\n\t\t\t\t\t\t<h5 style=\"margin-bottom: 0\">Johannes&nbsp;Ernst<\/h5>\n\t\t\t\t\t\t<span>FH Burgenland<\/span>\n                    <\/li>\n\t\t\t\t\t\t\t<li class=\"col-sm-4 col-xs-6\">\n\t\t\t\t\t\t<h5 style=\"margin-bottom: 0\">Matthias&nbsp;Winter<\/h5>\n\t\t\t\t\t\t<span>FH-Ober\u00f6sterreich<\/span>\n                    <\/li>\n\t\t\t\t\t\t\t<li class=\"col-sm-4 col-xs-6\">\n\t\t\t\t\t\t<h5 style=\"margin-bottom: 0\">Richard&nbsp;Vettermann<\/h5>\n\t\t\t\t\t\t<span>Wasserverband Unteres Lafnitztal<\/span>\n                    <\/li>\n\t\t\t\t\t\t\t<li class=\"col-sm-4 col-xs-6\">\n\t\t\t\t\t\t<h5 style=\"margin-bottom: 0\">Hannah&nbsp;Oberthaler<\/h5>\n\t\t\t\t\t\t<span>FH Salzburg<\/span>\n                    <\/li>\n\t\t\t\t\t\t\t<li class=\"col-sm-4 col-xs-6\">\n\t\t\t\t\t\t<h5 style=\"margin-bottom: 0\">Brigitte&nbsp;Bach<\/h5>\n\t\t\t\t\t\t<span>Salzburg AG<\/span>\n                    <\/li>\n\t\t\t\t\t\t\t<li class=\"col-sm-4 col-xs-6\">\n\t\t\t\t\t\t<h5 style=\"margin-bottom: 0\">Gernot&nbsp;Hanreich<\/h5>\n\t\t\t\t\t\t<span>Fachhochschule Burgenland<\/span>\n                    <\/li>\n\t\t\t\t\t\t\t<li class=\"col-sm-4 col-xs-6\">\n\t\t\t\t\t\t<h5 style=\"margin-bottom: 0\">Erwin&nbsp;Gollner<\/h5>\n\t\t\t\t\t\t<span>FH Burgenland<\/span>\n                    <\/li>\n\t\t\t\t\t\t\t<li class=\"col-sm-4 col-xs-6\">\n\t\t\t\t\t\t<h5 style=\"margin-bottom: 0\">Gerda&nbsp;F\u00fcricht-Fiegl<\/h5>\n\t\t\t\t\t\t<span>FH Burgenland<\/span>\n                    <\/li>\n\t\t\t\t\t\t\t<li class=\"col-sm-4 col-xs-6\">\n\t\t\t\t\t\t<h5 style=\"margin-bottom: 0\">Nina&nbsp;Trinkl<\/h5>\n\t\t\t\t\t\t<span>Fachhochschule Burgenland<\/span>\n                    <\/li>\n\t\t\t\t\t\t\t<li class=\"col-sm-4 col-xs-6\">\n\t\t\t\t\t\t<h5 style=\"margin-bottom: 0\">Manfred&nbsp;Tauchner<\/h5>\n\t\t\t\t\t\t<span>Department Soziales FH Burgenland<\/span>\n                    <\/li>\n\t\t\t\t\t\t\t<li class=\"col-sm-4 col-xs-6\">\n\t\t\t\t\t\t<h5 style=\"margin-bottom: 0\">Michael&nbsp;Roither<\/h5>\n\t\t\t\t\t\t<span>Fachhochschule Burgenland GmbH<\/span>\n                    <\/li>\n\t\t\t\t\t\t\t<li class=\"col-sm-4 col-xs-6\">\n\t\t\t\t\t\t<h5 style=\"margin-bottom: 0\">Silvia&nbsp;Ettl-Huber<\/h5>\n\t\t\t\t\t\t<span>FH Burgenland<\/span>\n                    <\/li>\n\t\t\t\t\t\t\t<li class=\"col-sm-4 col-xs-6\">\n\t\t\t\t\t\t<h5 style=\"margin-bottom: 0\">Mariana&nbsp;K\u00fchnel<\/h5>\n\t\t\t\t\t\t<span>WKO - Wirtschaftskammer \u00d6sterreich<\/span>\n                    <\/li>\n\t\t\t\t\t\t\t<li class=\"col-sm-4 col-xs-6\">\n\t\t\t\t\t\t<h5 style=\"margin-bottom: 0\">Robert&nbsp;Gutounig<\/h5>\n\t\t\t\t\t\t<span>FH JOANNEUM - Content-Strategie<\/span>\n                    <\/li>\n\t\t\t\t\t\t\t<li class=\"col-sm-4 col-xs-6\">\n\t\t\t\t\t\t<h5 style=\"margin-bottom: 0\">Herwig&nbsp;Schneider<\/h5>\n\t\t\t\t\t\t<span>Industriewissenschaftliches Institut (IWI)<\/span>\n                    <\/li>\n\t\t\t\t\t\t\t<li class=\"col-sm-4 col-xs-6\">\n\t\t\t\t\t\t<h5 style=\"margin-bottom: 0\">Sylvia&nbsp;\u00d6hlinger<\/h5>\n\t\t\t\t\t\t<span>FH Gesundheitsberufe O\u00d6<\/span>\n                    <\/li>\n\t\t\t\t\t\t\t<li class=\"col-sm-4 col-xs-6\">\n\t\t\t\t\t\t<h5 style=\"margin-bottom: 0\">Giuliana&nbsp;Sabbatini<\/h5>\n\t\t\t\t\t\t<span>moresolutions<\/span>\n                    <\/li>\n\t\t\t\t\t\t\t<li class=\"col-sm-4 col-xs-6\">\n\t\t\t\t\t\t<h5 style=\"margin-bottom: 0\">Andreas&nbsp;Altmann<\/h5>\n\t\t\t\t\t\t<span>MCI | Die Unternehmerische Hochschule\u00ae<\/span>\n                    <\/li>\n\t\t\t\t\t\t\t<li class=\"col-sm-4 col-xs-6\">\n\t\t\t\t\t\t<h5 style=\"margin-bottom: 0\">Gertraud&nbsp;Leim\u00fcller<\/h5>\n\t\t\t\t\t\t<span>winnovation<\/span>\n                    <\/li>\n\t\t\t\t\t\t\t<li class=\"col-sm-4 col-xs-6\">\n\t\t\t\t\t\t<h5 style=\"margin-bottom: 0\">Gerold&nbsp;Unterhumer<\/h5>\n\t\t\t\t\t\t<span>FH Campus Wien<\/span>\n                    <\/li>\n\t\t\t\t\t\t\t<li class=\"col-sm-4 col-xs-6\">\n\t\t\t\t\t\t<h5 style=\"margin-bottom: 0\">Herwig&nbsp;Struber<\/h5>\n\t\t\t\t\t\t<span>Salzburg Netz GmbH<\/span>\n                    <\/li>\n\t\t\t\t\t\t\t<li class=\"col-sm-4 col-xs-6\">\n\t\t\t\t\t\t<h5 style=\"margin-bottom: 0\">Christian&nbsp;Neureiter<\/h5>\n\t\t\t\t\t\t<span>Successfactory Systems Engineering GmbH<\/span>\n                    <\/li>\n\t\t\t\t\t\t\t<li class=\"col-sm-4 col-xs-6\">\n\t\t\t\t\t\t<h5 style=\"margin-bottom: 0\">Judith&nbsp;Br\u00fccker<\/h5>\n\t\t\t\t\t\t<span>FH des BFI Wien<\/span>\n                    <\/li>\n\t\t\t\t\t\t\t<li class=\"col-sm-4 col-xs-6\">\n\t\t\t\t\t\t<h5 style=\"margin-bottom: 0\">Reinhard&nbsp;Mayr<\/h5>\n\t\t\t\t\t\t<span>Ing. Punzenberger COPA-DATA GmbH<\/span>\n                    <\/li>\n\t\t\t\t\t\t\t<li class=\"col-sm-4 col-xs-6\">\n\t\t\t\t\t\t<h5 style=\"margin-bottom: 0\">Daniela&nbsp;Fuchs<\/h5>\n\t\t\t\t\t\t<span>ABC Research GmbH<\/span>\n                    <\/li>\n\t\t\t\t\t\t\t<li class=\"col-sm-4 col-xs-6\">\n\t\t\t\t\t\t<h5 style=\"margin-bottom: 0\">Karin&nbsp;Rieder<\/h5>\n\t\t\t\t\t\t<span>FH Salzburg<\/span>\n                    <\/li>\n\t\t\t\t\t\t\t<li class=\"col-sm-4 col-xs-6\">\n\t\t\t\t\t\t<h5 style=\"margin-bottom: 0\">Thomas&nbsp;Heistracher<\/h5>\n\t\t\t\t\t\t<span>Fachhochschule Salzburg GmbH<\/span>\n                    <\/li>\n\t\t\t\t\t\t\t<li class=\"col-sm-4 col-xs-6\">\n\t\t\t\t\t\t<h5 style=\"margin-bottom: 0\">Katharina&nbsp;Lorenz<\/h5>\n\t\t\t\t\t\t<span>FH Salzburg<\/span>\n                    <\/li>\n\t\t\t\t\t\t\t<li class=\"col-sm-4 col-xs-6\">\n\t\t\t\t\t\t<h5 style=\"margin-bottom: 0\">Matthias&nbsp;Winter<\/h5>\n\t\t\t\t\t\t<span>FH-O\u00d6<\/span>\n                    <\/li>\n\t\t\t\t\t\t\t<li class=\"col-sm-4 col-xs-6\">\n\t\t\t\t\t\t<h5 style=\"margin-bottom: 0\">Erna&nbsp;Sch\u00f6nthaler<\/h5>\n\t\t\t\t\t\t<span>FH Campus Wien, Studiengang Ergotherapie<\/span>\n                    <\/li>\n\t\t\t\t\t\t\t<li class=\"col-sm-4 col-xs-6\">\n\t\t\t\t\t\t<h5 style=\"margin-bottom: 0\">Daniela&nbsp;Wetzelh\u00fctter<\/h5>\n\t\t\t\t\t\t<span>FH O\u00d6<\/span>\n                    <\/li>\n\t\t\t\t\t\t\t<li class=\"col-sm-4 col-xs-6\">\n\t\t\t\t\t\t<h5 style=\"margin-bottom: 0\">Michael&nbsp;Grobbauer<\/h5>\n\t\t\t\t\t\t<span>FH Salzburg<\/span>\n                    <\/li>\n\t\t\t\t\t\t\t<li class=\"col-sm-4 col-xs-6\">\n\t\t\t\t\t\t<h5 style=\"margin-bottom: 0\">Clemens&nbsp;Kaposi<\/h5>\n\t\t\t\t\t\t<span>has\u00b7to\u00b7be gmbh<\/span>\n                    <\/li>\n\t\t\t\t\t\t\t<li class=\"col-sm-4 col-xs-6\">\n\t\t\t\t\t\t<h5 style=\"margin-bottom: 0\">Karl&nbsp;Ennsfellner<\/h5>\n\t\t\t\t\t\t<span>IMC Fachhochschule Krems<\/span>\n                    <\/li>\n\t\t\t\t\t\t\t<li class=\"col-sm-4 col-xs-6\">\n\t\t\t\t\t\t<h5 style=\"margin-bottom: 0\">Andreas&nbsp;Bilke<\/h5>\n\t\t\t\t\t\t<span>FH Salzburg<\/span>\n                    <\/li>\n\t\t\t\t\t\t\t<li class=\"col-sm-4 col-xs-6\">\n\t\t\t\t\t\t<h5 style=\"margin-bottom: 0\">Thomas&nbsp;Madritsch<\/h5>\n\t\t\t\t\t\t<span>Fachhochschule Kufstein Tirol Bildungs GmbH<\/span>\n                    <\/li>\n\t\t\t\t\t\t\t<li class=\"col-sm-4 col-xs-6\">\n\t\t\t\t\t\t<h5 style=\"margin-bottom: 0\">Markus&nbsp;Tatzgern<\/h5>\n\t\t\t\t\t\t<span>FH Salzburg<\/span>\n                    <\/li>\n\t\t\t\t\t\t\t<li class=\"col-sm-4 col-xs-6\">\n\t\t\t\t\t\t<h5 style=\"margin-bottom: 0\">Hilmar&nbsp;Linder<\/h5>\n\t\t\t\t\t\t<span>FH Salzburg<\/span>\n                    <\/li>\n\t\t\t\t\t\t\t<li class=\"col-sm-4 col-xs-6\">\n\t\t\t\t\t\t<h5 style=\"margin-bottom: 0\">Christian&nbsp;Reiner<\/h5>\n\t\t\t\t\t\t<span>Lauder Business School<\/span>\n                    <\/li>\n\t\t\t\t\t\t\t<li class=\"col-sm-4 col-xs-6\">\n\t\t\t\t\t\t<h5 style=\"margin-bottom: 0\">Tanja&nbsp;Adamcik<\/h5>\n\t\t\t\t\t\t<span>Ferdinand Porsche FernFH<\/span>\n                    <\/li>\n\t\t\t\t\t\t\t<li class=\"col-sm-4 col-xs-6\">\n\t\t\t\t\t\t<h5 style=\"margin-bottom: 0\">Johann&nbsp;Kastner<\/h5>\n\t\t\t\t\t\t<span>FH Ober\u00f6sterreich<\/span>\n                    <\/li>\n\t\t\t\t\t\t\t<li class=\"col-sm-4 col-xs-6\">\n\t\t\t\t\t\t<h5 style=\"margin-bottom: 0\">Dominik Donato&nbsp;Vereno<\/h5>\n\t\t\t\t\t\t<span>Josef Ressel Centre for Dependable System-of-Systems Engineering<\/span>\n                    <\/li>\n\t\t\t\t\t\t\t<li class=\"col-sm-4 col-xs-6\">\n\t\t\t\t\t\t<h5 style=\"margin-bottom: 0\">Christoph&nbsp;Binder<\/h5>\n\t\t\t\t\t\t<span>Josef Ressel Centre for Dependable System-of-Systems Engineering<\/span>\n                    <\/li>\n\t\t\t\t\t\t\t<li class=\"col-sm-4 col-xs-6\">\n\t\t\t\t\t\t<h5 style=\"margin-bottom: 0\">Monika&nbsp;Zettel-Tomenendal<\/h5>\n\t\t\t\t\t\t<span>FH Campus Wien - Studiengang Ergotherapie<\/span>\n                    <\/li>\n\t\t\t\t\t\t\t<li class=\"col-sm-4 col-xs-6\">\n\t\t\t\t\t\t<h5 style=\"margin-bottom: 0\">Gottfried&nbsp;Reiter<\/h5>\n\t\t\t\t\t\t<span>Wiener Ringstra\u00dfenakademie<\/span>\n                    <\/li>\n\t\t\t\t\t\t\t<li class=\"col-sm-4 col-xs-6\">\n\t\t\t\t\t\t<h5 style=\"margin-bottom: 0\">Michael&nbsp;Affenzeller<\/h5>\n\t\t\t\t\t\t<span>Forschungsgruppe Heuristic and Evolutionary Algorithms Laboratory (HEAL)<\/span>\n                    <\/li>\n\t\t\t\t\t\t\t<li class=\"col-sm-4 col-xs-6\">\n\t\t\t\t\t\t<h5 style=\"margin-bottom: 0\">Christian&nbsp;Pillwein<\/h5>\n\t\t\t\t\t\t<span>Beckhoff Automation GmbH<\/span>\n                    <\/li>\n\t\t\t\t\t\t\t<li class=\"col-sm-4 col-xs-6\">\n\t\t\t\t\t\t<h5 style=\"margin-bottom: 0\">Kristina Edlinger&nbsp;Ploder<\/h5>\n\t\t\t\t\t\t<span>FH CAMPUS 02<\/span>\n                    <\/li>\n\t\t\t\t\t\t\t<li class=\"col-sm-4 col-xs-6\">\n\t\t\t\t\t\t<h5 style=\"margin-bottom: 0\">Boris&nbsp;Brankovic<\/h5>\n\t\t\t\t\t\t<span>Josef Ressel Zentrum DeSoS<\/span>\n                    <\/li>\n\t\t\t\t\t\t\t<li class=\"col-sm-4 col-xs-6\">\n\t\t\t\t\t\t<h5 style=\"margin-bottom: 0\">Andreas&nbsp;Hafellner<\/h5>\n\t\t\t\t\t\t<span><\/span>\n                    <\/li>\n\t\t\t\t\t\t\t<li class=\"col-sm-4 col-xs-6\">\n\t\t\t\t\t\t<h5 style=\"margin-bottom: 0\">Johann&nbsp;Kastner<\/h5>\n\t\t\t\t\t\t<span>FH Ober\u00f6sterreich<\/span>\n                    <\/li>\n\t\t\t\t\t\t\t<li class=\"col-sm-4 col-xs-6\">\n\t\t\t\t\t\t<h5 style=\"margin-bottom: 0\">Nikolaus&nbsp;Dellantoni<\/h5>\n\t\t\t\t\t\t<span>ACMIT Gmbh<\/span>\n                    <\/li>\n\t\t\t\t\t\t\t<li class=\"col-sm-4 col-xs-6\">\n\t\t\t\t\t\t<h5 style=\"margin-bottom: 0\">Stefan&nbsp;Suhrer<\/h5>\n\t\t\t\t\t\t<span>neke-neke GmbH<\/span>\n                    <\/li>\n\t\t\t\t\t\t\t<li class=\"col-sm-4 col-xs-6\">\n\t\t\t\t\t\t<h5 style=\"margin-bottom: 0\">Peter&nbsp;Horner<\/h5>\n\t\t\t\t\t\t<span>Architekturb\u00fcro Horner<\/span>\n                    <\/li>\n\t\t\t\t\t\t\t<li class=\"col-sm-4 col-xs-6\">\n\t\t\t\t\t\t<h5 style=\"margin-bottom: 0\">Georg&nbsp;Stasny<\/h5>\n\t\t\t\t\t\t<span>F\u00dcHRERSCHEIN-MENSCH.COM<\/span>\n                    <\/li>\n\t\t\t\t\t\t\t<li class=\"col-sm-4 col-xs-6\">\n\t\t\t\t\t\t<h5 style=\"margin-bottom: 0\">Thomas&nbsp;Sepperer<\/h5>\n\t\t\t\t\t\t<span>FH Salzburg<\/span>\n                    <\/li>\n\t\t\t\t\t\t\t<li class=\"col-sm-4 col-xs-6\">\n\t\t\t\t\t\t<h5 style=\"margin-bottom: 0\">Markus&nbsp;Leeb<\/h5>\n\t\t\t\t\t\t<span>FH Salzburg<\/span>\n                    <\/li>\n\t\t\t\t\t\t\t<li class=\"col-sm-4 col-xs-6\">\n\t\t\t\t\t\t<h5 style=\"margin-bottom: 0\">Gudrun&nbsp;Ghezzo<\/h5>\n\t\t\t\t\t\t<span>Ghezzo GmbH<\/span>\n                    <\/li>\n\t\t\t\t\t\t\t<li class=\"col-sm-4 col-xs-6\">\n\t\t\t\t\t\t<h5 style=\"margin-bottom: 0\">Markus&nbsp;Kuzelka<\/h5>\n\t\t\t\t\t\t<span>eurofunk Kappacher GmbH<\/span>\n                    <\/li>\n\t\t\t\t\t\t\t<li class=\"col-sm-4 col-xs-6\">\n\t\t\t\t\t\t<h5 style=\"margin-bottom: 0\">Michael&nbsp;Fischinger<\/h5>\n\t\t\t\t\t\t<span>Starball Sports GmbH<\/span>\n                    <\/li>\n\t\t\t\t\t\t\t<li class=\"col-sm-4 col-xs-6\">\n\t\t\t\t\t\t<h5 style=\"margin-bottom: 0\">Elmar&nbsp;Sch\u00fcll<\/h5>\n\t\t\t\t\t\t<span>Fachhochschule Salzburg<\/span>\n                    <\/li>\n\t\t\t\t\t\t\t<li class=\"col-sm-4 col-xs-6\">\n\t\t\t\t\t\t<h5 style=\"margin-bottom: 0\">Katharina&nbsp;Polanec<\/h5>\n\t\t\t\t\t\t<span>FH Salzburg \/ Josef Ressel Centre for Dependable System-of-Systems Engineering<\/span>\n                    <\/li>\n\t\t\t\t\t\t\t<li class=\"col-sm-4 col-xs-6\">\n\t\t\t\t\t\t<h5 style=\"margin-bottom: 0\">Dominik&nbsp;Engel<\/h5>\n\t\t\t\t\t\t<span>Fachhochschule Salzburg<\/span>\n                    <\/li>\n\t\t\t\t\t\t\t<li class=\"col-sm-4 col-xs-6\">\n\t\t\t\t\t\t<h5 style=\"margin-bottom: 0\">Ulrike&nbsp;Szigeti<\/h5>\n\t\t\t\t\t\t<span>Fachhochschule Salzburg<\/span>\n                    <\/li>\n\t\t\t\t\t\t\t<li class=\"col-sm-4 col-xs-6\">\n\t\t\t\t\t\t<h5 style=\"margin-bottom: 0\">Goran&nbsp;Lastro<\/h5>\n\t\t\t\t\t\t<span>FH Salzburg \/ JRZ - DeSoS<\/span>\n                    <\/li>\n\t\t\t\t\t\t\t<li class=\"col-sm-4 col-xs-6\">\n\t\t\t\t\t\t<h5 style=\"margin-bottom: 0\">Simon&nbsp;Kranzer<\/h5>\n\t\t\t\t\t\t<span><\/span>\n                    <\/li>\n\t\t\t\t\t\t\t<li class=\"col-sm-4 col-xs-6\">\n\t\t\t\t\t\t<h5 style=\"margin-bottom: 0\">Maria&nbsp;Maislinger<\/h5>\n\t\t\t\t\t\t<span>Fachhochschule Salzburg<\/span>\n                    <\/li>\n\t\t\t\t\t\t\t<li class=\"col-sm-4 col-xs-6\">\n\t\t\t\t\t\t<h5 style=\"margin-bottom: 0\">Lea Maria&nbsp;Stangassinger<\/h5>\n\t\t\t\t\t\t<span>Fachhochschule Salzburg GmbH<\/span>\n                    <\/li>\n\t\t\t\t\t\t\t<li class=\"col-sm-4 col-xs-6\">\n\t\t\t\t\t\t<h5 style=\"margin-bottom: 0\">Erich&nbsp;Brugger<\/h5>\n\t\t\t\t\t\t<span>FH CAMPUS 02<\/span>\n                    <\/li>\n\t\t\t\t\t\t\t<li class=\"col-sm-4 col-xs-6\">\n\t\t\t\t\t\t<h5 style=\"margin-bottom: 0\">Christian&nbsp;Neureiter<\/h5>\n\t\t\t\t\t\t<span>FH Salzburg \/ Josef Ressel Center for Dependable System-of-Systems Engineerin<\/span>\n                    <\/li>\n\t\t\t\t\t\t\t<li class=\"col-sm-4 col-xs-6\">\n\t\t\t\t\t\t<h5 style=\"margin-bottom: 0\">Daniela&nbsp;Huber<\/h5>\n\t\t\t\t\t\t<span>Fachhochschule Salzburg<\/span>\n                    <\/li>\n\t\t\t\t\t\t\t<li class=\"col-sm-4 col-xs-6\">\n\t\t\t\t\t\t<h5 style=\"margin-bottom: 0\">Michael&nbsp;Suppanz<\/h5>\n\t\t\t\t\t\t<span>Fachhochschule K\u00e4rnten<\/span>\n                    <\/li>\n\t\t\t\t\t\t\t<li class=\"col-sm-4 col-xs-6\">\n\t\t\t\t\t\t<h5 style=\"margin-bottom: 0\">Markus&nbsp;Tomaschitz<\/h5>\n\t\t\t\t\t\t<span>AVL<\/span>\n                    <\/li>\n\t\t\t\t\t\t\t<li class=\"col-sm-4 col-xs-6\">\n\t\t\t\t\t\t<h5 style=\"margin-bottom: 0\">Siegfried&nbsp;Spanz<\/h5>\n\t\t\t\t\t\t<span>Fachhochschule K\u00e4rnten gemeinn\u00fctzige Privatstiftung<\/span>\n                    <\/li>\n\t\t\t\t\t\t\t<li class=\"col-sm-4 col-xs-6\">\n\t\t\t\t\t\t<h5 style=\"margin-bottom: 0\">Dietmar&nbsp;BRODEL<\/h5>\n\t\t\t\t\t\t<span>Fachhochschule K\u00e4rnten<\/span>\n                    <\/li>\n\t\t\t\t\t\t\t<li class=\"col-sm-4 col-xs-6\">\n\t\t\t\t\t\t<h5 style=\"margin-bottom: 0\">Andreas&nbsp;Breinbauer<\/h5>\n\t\t\t\t\t\t<span>FH des BFI Wien<\/span>\n                    <\/li>\n\t\t\t\t\t\t\t<li class=\"col-sm-4 col-xs-6\">\n\t\t\t\t\t\t<h5 style=\"margin-bottom: 0\">Eva&nbsp;Schiessl-Foggensteiner<\/h5>\n\t\t\t\t\t\t<span>FH des BFI Wien<\/span>\n                    <\/li>\n\t\t\t\t\t\t\t<li class=\"col-sm-4 col-xs-6\">\n\t\t\t\t\t\t<h5 style=\"margin-bottom: 0\">Mario&nbsp;D\u00f6ller<\/h5>\n\t\t\t\t\t\t<span>Fachhochschule Kufstein Tirol Bildungs GmbH<\/span>\n                    <\/li>\n\t\t\t\t\t\t\t<li class=\"col-sm-4 col-xs-6\">\n\t\t\t\t\t\t<h5 style=\"margin-bottom: 0\">Horst&nbsp;Rode<\/h5>\n\t\t\t\t\t\t<span>FH Campus Wien<\/span>\n                    <\/li>\n\t\t\t\t\t\t\t<li class=\"col-sm-4 col-xs-6\">\n\t\t\t\t\t\t<h5 style=\"margin-bottom: 0\">Helmut&nbsp;Loibl<\/h5>\n\t\t\t\t\t\t<span>FOTEC Forschungs- und Technologietransfer GmbH<\/span>\n                    <\/li>\n\t\t\t\t\t\t\t<li class=\"col-sm-4 col-xs-6\">\n\t\t\t\t\t\t<h5 style=\"margin-bottom: 0\">Barbara&nbsp;Bittner<\/h5>\n\t\t\t\t\t\t<span>FH-Campus Wien<\/span>\n                    <\/li>\n\t\t\t\t\t\t\t<li class=\"col-sm-4 col-xs-6\">\n\t\t\t\t\t\t<h5 style=\"margin-bottom: 0\">Heimo&nbsp;Sandtner<\/h5>\n\t\t\t\t\t\t<span>FH Campus Wien<\/span>\n                    <\/li>\n\t\t\t\t\t\t\t<li class=\"col-sm-4 col-xs-6\">\n\t\t\t\t\t\t<h5 style=\"margin-bottom: 0\">Hermann&nbsp;Lattacher<\/h5>\n\t\t\t\t\t\t<span>Bundesministerium f\u00fcr Landesverteidigung<\/span>\n                    <\/li>\n\t\t\t\t\t\t\t<li class=\"col-sm-4 col-xs-6\">\n\t\t\t\t\t\t<h5 style=\"margin-bottom: 0\">Roald&nbsp;Steiner<\/h5>\n\t\t\t\t\t\t<span>Fachhochschule Salzburg<\/span>\n                    <\/li>\n\t\t\t\t\t\t\t<li class=\"col-sm-4 col-xs-6\">\n\t\t\t\t\t\t<h5 style=\"margin-bottom: 0\">Johannes&nbsp;Pflegerl<\/h5>\n\t\t\t\t\t\t<span>FH St.P\u00f6lten<\/span>\n                    <\/li>\n\t\t\t\t\t\t\t<li class=\"col-sm-4 col-xs-6\">\n\t\t\t\t\t\t<h5 style=\"margin-bottom: 0\">Brigitte&nbsp;Ecker<\/h5>\n\t\t\t\t\t\t<span>WPZ Research<\/span>\n                    <\/li>\n\t\t\t\t\t\t\t<li class=\"col-sm-4 col-xs-6\">\n\t\t\t\t\t\t<h5 style=\"margin-bottom: 0\">Ruth Elisabeth&nbsp;Resch<\/h5>\n\t\t\t\t\t\t<span>Fachhochschule Salzburg<\/span>\n                    <\/li>\n\t\t\t\t\t\t\t<li class=\"col-sm-4 col-xs-6\">\n\t\t\t\t\t\t<h5 style=\"margin-bottom: 0\">Gernot&nbsp;Kohl<\/h5>\n\t\t\t\t\t\t<span>Fachhochschule St. P\u00f6lten<\/span>\n                    <\/li>\n\t\t\t\t\t\t\t<li class=\"col-sm-4 col-xs-6\">\n\t\t\t\t\t\t<h5 style=\"margin-bottom: 0\">Walter&nbsp;Hlauschek<\/h5>\n\t\t\t\t\t\t<span>Raltec - Research Group for Assistive Living Technologies<\/span>\n                    <\/li>\n\t\t\t\t\t\t\t<li class=\"col-sm-4 col-xs-6\">\n\t\t\t\t\t\t<h5 style=\"margin-bottom: 0\">Wolfgang&nbsp;Freiseisen<\/h5>\n\t\t\t\t\t\t<span>RISC Software GmbH<\/span>\n                    <\/li>\n\t\t\t\t\t\t\t<li class=\"col-sm-4 col-xs-6\">\n\t\t\t\t\t\t<h5 style=\"margin-bottom: 0\">Armin&nbsp;Mahr<\/h5>\n\t\t\t\t\t\t<span>Fachhochschule Wiener Neustadt<\/span>\n                    <\/li>\n\t\t\t\t\t\t\t<li class=\"col-sm-4 col-xs-6\">\n\t\t\t\t\t\t<h5 style=\"margin-bottom: 0\">Margarethe&nbsp;\u00dcberwimmer<\/h5>\n\t\t\t\t\t\t<span>FH O\u00d6 Campus Steyr - Studiengang Global Sales and Marketing; Rat f\u00fcr Forschung und Technologie f\u00fcr O\u00d6<\/span>\n                    <\/li>\n\t\t\t\t\t\t\t<li class=\"col-sm-4 col-xs-6\">\n\t\t\t\t\t\t<h5 style=\"margin-bottom: 0\">Marisa&nbsp;Radatz<\/h5>\n\t\t\t\t\t\t<span>Ludwig Boltzmann Gesellschaft GmbH<\/span>\n                    <\/li>\n\t\t\t\t\t\t\t<li class=\"col-sm-4 col-xs-6\">\n\t\t\t\t\t\t<h5 style=\"margin-bottom: 0\">Thomas&nbsp;Riesenecker-Caba<\/h5>\n\t\t\t\t\t\t<span>Forschungs- und Beratungsstelle Arbeitswelt (FORBA)<\/span>\n                    <\/li>\n\t\t\t\t\t\t\t<li class=\"col-sm-4 col-xs-6\">\n\t\t\t\t\t\t<h5 style=\"margin-bottom: 0\">Stefan&nbsp;Fitz-Rankl<\/h5>\n\t\t\t\t\t\t<span>FH Vorarlberg, University of Applied Science<\/span>\n                    <\/li>\n\t\t\t\t\t\t\t<li class=\"col-sm-4 col-xs-6\">\n\t\t\t\t\t\t<h5 style=\"margin-bottom: 0\">Karin&nbsp;Waldherr<\/h5>\n\t\t\t\t\t\t<span>Ferdinand Porsche FernFH<\/span>\n                    <\/li>\n\t\t\t\t\t\t\t<li class=\"col-sm-4 col-xs-6\">\n\t\t\t\t\t\t<h5 style=\"margin-bottom: 0\">Thomas&nbsp;Madritsch<\/h5>\n\t\t\t\t\t\t<span>Fachhochschule Kufstein Tirol<\/span>\n                    <\/li>\n\t\t\t\t\t\t\t<li class=\"col-sm-4 col-xs-6\">\n\t\t\t\t\t\t<h5 style=\"margin-bottom: 0\">Kerstin&nbsp;Blumenstein<\/h5>\n\t\t\t\t\t\t<span>Fachhochschule St. P\u00f6lten<\/span>\n                    <\/li>\n\t\t\t\t\t\t\t<li class=\"col-sm-4 col-xs-6\">\n\t\t\t\t\t\t<h5 style=\"margin-bottom: 0\">Manuel&nbsp;Brunner<\/h5>\n\t\t\t\t\t\t<span>Center of Excellence for Smart Production (FH O\u00d6)<\/span>\n                    <\/li>\n\t\t\t\t\t\t\t<li class=\"col-sm-4 col-xs-6\">\n\t\t\t\t\t\t<h5 style=\"margin-bottom: 0\">Astrid&nbsp;Ebner-Zarl<\/h5>\n\t\t\t\t\t\t<span>Fachhochschule St. P\u00f6lten<\/span>\n                    <\/li>\n\t\t\t\t\t\t\t<li class=\"col-sm-4 col-xs-6\">\n\t\t\t\t\t\t<h5 style=\"margin-bottom: 0\">Gustav&nbsp;Pomberger<\/h5>\n\t\t\t\t\t\t<span>Johannes Kepler Universit\u00e4t Linz, Fachhochschule O\u00d6, Kunstuniversit\u00e4t Linz<\/span>\n                    <\/li>\n\t\t\t\t\t\t\t<li class=\"col-sm-4 col-xs-6\">\n\t\t\t\t\t\t<h5 style=\"margin-bottom: 0\">Wolfgang&nbsp;Aigner<\/h5>\n\t\t\t\t\t\t<span>FH St. P\u00f6lten<\/span>\n                    <\/li>\n\t\t\t\t\t\t\t<li class=\"col-sm-4 col-xs-6\">\n\t\t\t\t\t\t<h5 style=\"margin-bottom: 0\">Gabriel&nbsp;Haller<\/h5>\n\t\t\t\t\t\t<span>Rail Tec Arsenal<\/span>\n                    <\/li>\n\t\t\t\t\t\t\t<li class=\"col-sm-4 col-xs-6\">\n\t\t\t\t\t\t<h5 style=\"margin-bottom: 0\">Ludovit&nbsp;Garzik<\/h5>\n\t\t\t\t\t\t<span>Rat f\u00fcr Forschung und Technologieentwicklung<\/span>\n                    <\/li>\n\t\t\t\t\t\t\t<li class=\"col-sm-4 col-xs-6\">\n\t\t\t\t\t\t<h5 style=\"margin-bottom: 0\">Martin&nbsp;Payer<\/h5>\n\t\t\t\t\t\t<span>FH JOANNEUM<\/span>\n                    <\/li>\n\t\t\t\t\t\t\t<li class=\"col-sm-4 col-xs-6\">\n\t\t\t\t\t\t<h5 style=\"margin-bottom: 0\">J\u00fcrgen&nbsp;Kaschube<\/h5>\n\t\t\t\t\t\t<span>Forschungsinstitut f\u00fcr Wirtschaftspsychologie<\/span>\n                    <\/li>\n\t\t\t\t\t\t\t<li class=\"col-sm-4 col-xs-6\">\n\t\t\t\t\t\t<h5 style=\"margin-bottom: 0\">Gertie Janneke&nbsp;Oostingh<\/h5>\n\t\t\t\t\t\t<span>FH Salzburg GmbH<\/span>\n                    <\/li>\n\t\t\t\t\t\t\t<li class=\"col-sm-4 col-xs-6\">\n\t\t\t\t\t\t<h5 style=\"margin-bottom: 0\">Elisabeth&nbsp;Haslinger-Baumann<\/h5>\n\t\t\t\t\t\t<span>Kompetenzzentrum f\u00fcr Angewandte Pflegeforschung<\/span>\n                    <\/li>\n\t\t\t\t\t\t\t<li class=\"col-sm-4 col-xs-6\">\n\t\t\t\t\t\t<h5 style=\"margin-bottom: 0\">Matthias&nbsp;Zeppelzauer<\/h5>\n\t\t\t\t\t\t<span>Media Computing Research Group (FH St. P\u00f6lten)<\/span>\n                    <\/li>\n\t\t\t\t\t\t\t<li class=\"col-sm-4 col-xs-6\">\n\t\t\t\t\t\t<h5 style=\"margin-bottom: 0\">Martin&nbsp;Staudinger<\/h5>\n\t\t\t\t\t\t<span>Ferdinand Porsche FernFH<\/span>\n                    <\/li>\n\t\t\t\t\t\t\t<li class=\"col-sm-4 col-xs-6\">\n\t\t\t\t\t\t<h5 style=\"margin-bottom: 0\">Sigi&nbsp;K\u00e4mmerer<\/h5>\n\t\t\t\t\t\t<span>FH Salzburg<\/span>\n                    <\/li>\n\t\t\t\t\t\t\t<li class=\"col-sm-4 col-xs-6\">\n\t\t\t\t\t\t<h5 style=\"margin-bottom: 0\">Johannes&nbsp;Gorbach<\/h5>\n\t\t\t\t\t\t<span>Social Innovation Research Unit [SIRU]<\/span>\n                    <\/li>\n\t\t\t\t\t\t\t<li class=\"col-sm-4 col-xs-6\">\n\t\t\t\t\t\t<h5 style=\"margin-bottom: 0\">Robert&nbsp;Gutounig<\/h5>\n\t\t\t\t\t\t<span>FH JOANNEUM - Studiengang Content-Strategy<\/span>\n                    <\/li>\n\t\t\t\t\t\t\t<li class=\"col-sm-4 col-xs-6\">\n\t\t\t\t\t\t<h5 style=\"margin-bottom: 0\">Andreas&nbsp;Falk<\/h5>\n\t\t\t\t\t\t<span>BioNanoNet Forschungsgesellschaft mbH<\/span>\n                    <\/li>\n\t\t\t\t\t\t\t<li class=\"col-sm-4 col-xs-6\">\n\t\t\t\t\t\t<h5 style=\"margin-bottom: 0\">Stefan&nbsp;Litzenberger<\/h5>\n\t\t\t\t\t\t<span>FH Technikum Wien<\/span>\n                    <\/li>\n\t\t\t\t\t\t\t<li class=\"col-sm-4 col-xs-6\">\n\t\t\t\t\t\t<h5 style=\"margin-bottom: 0\">Robert&nbsp;Holzer<\/h5>\n\t\t\t\t\t\t<span>RECENDT - Research Center for Non-Destructive Testing GmbH<\/span>\n                    <\/li>\n\t\t\t\t\t\t\t<li class=\"col-sm-4 col-xs-6\">\n\t\t\t\t\t\t<h5 style=\"margin-bottom: 0\">Klaus&nbsp;Schuch<\/h5>\n\t\t\t\t\t\t<span>ZSI - Zentrum f\u00fcr Soziale Innovation<\/span>\n                    <\/li>\n\t\t\t\t\t\t\t<li class=\"col-sm-4 col-xs-6\">\n\t\t\t\t\t\t<h5 style=\"margin-bottom: 0\">Markus&nbsp;Keuschnig<\/h5>\n\t\t\t\t\t\t<span>GEORESEARCH Forschungsgesellschaft mbH<\/span>\n                    <\/li>\n\t\t\t\t\t\t\t<li class=\"col-sm-4 col-xs-6\">\n\t\t\t\t\t\t<h5 style=\"margin-bottom: 0\">Siegfried&nbsp;Reich<\/h5>\n\t\t\t\t\t\t<span>Salzburg Research<\/span>\n                    <\/li>\n\t\t\t\t\t\t\t<li class=\"col-sm-4 col-xs-6\">\n\t\t\t\t\t\t<h5 style=\"margin-bottom: 0\">Christian&nbsp;Tippelreither<\/h5>\n\t\t\t\t\t\t<span>Holzcluster Steiermark<\/span>\n                    <\/li>\n\t\t\t\t\t\t\t<li class=\"col-sm-4 col-xs-6\">\n\t\t\t\t\t\t<h5 style=\"margin-bottom: 0\">Gerald&nbsp;Kothleitner<\/h5>\n\t\t\t\t\t\t<span>Zentrum f\u00fcr Elektronenmikroskopie Graz<\/span>\n                    <\/li>\n\t\t\t\t\t\t\t<li class=\"col-sm-4 col-xs-6\">\n\t\t\t\t\t\t<h5 style=\"margin-bottom: 0\">Mathias&nbsp;Drexler<\/h5>\n\t\t\t\t\t\t<span>acib GmbH<\/span>\n                    <\/li>\n\t\t\t\t\t\t\t<li class=\"col-sm-4 col-xs-6\">\n\t\t\t\t\t\t<h5 style=\"margin-bottom: 0\">Andreas&nbsp;Pauschitz<\/h5>\n\t\t\t\t\t\t<span>AC2T research GmbH<\/span>\n                    <\/li>\n\t\t\t\t\t\t\t<li class=\"col-sm-4 col-xs-6\">\n\t\t\t\t\t\t<h5 style=\"margin-bottom: 0\">Reinhard&nbsp;Puffing<\/h5>\n\t\t\t\t\t\t<span>\u00d6sterreichisches Institut f\u00fcr Vereisungswissenschaften in der Luftfahrt<\/span>\n                    <\/li>\n\t\t\t\t\t\t\t<li class=\"col-sm-4 col-xs-6\">\n\t\t\t\t\t\t<h5 style=\"margin-bottom: 0\">Rudolf&nbsp;Exel<\/h5>\n\t\t\t\t\t\t<span>ACOM Research<\/span>\n                    <\/li>\n\t\t\t\t\t\t\t<li class=\"col-sm-4 col-xs-6\">\n\t\t\t\t\t\t<h5 style=\"margin-bottom: 0\">Walter&nbsp;Haslinger<\/h5>\n\t\t\t\t\t\t<span>BEST-Bioenergy and Sustainable Technologies GmbH<\/span>\n                    <\/li>\n\t\t\t\t\t\t\t<li class=\"col-sm-4 col-xs-6\">\n\t\t\t\t\t\t<h5 style=\"margin-bottom: 0\">Gernot&nbsp;Gr\u00f6mer<\/h5>\n\t\t\t\t\t\t<span>\u00d6sterreichisches Weltraum Forum<\/span>\n                    <\/li>\n\t\t\t\t\t\t\t<li class=\"col-sm-4 col-xs-6\">\n\t\t\t\t\t\t<h5 style=\"margin-bottom: 0\">Wolfgang&nbsp;Amann<\/h5>\n\t\t\t\t\t\t<span>IIBW - Institut f\u00fcr Immobilien, Bauen und Wohnen GmbH<\/span>\n                    <\/li>\n\t\t\t\t\t\t\t<li class=\"col-sm-4 col-xs-6\">\n\t\t\t\t\t\t<h5 style=\"margin-bottom: 0\">Thomas&nbsp;Moser<\/h5>\n\t\t\t\t\t\t<span>Fachhochschule St. P\u00f6lten<\/span>\n                    <\/li>\n\t\t\t\t\t\t\t<li class=\"col-sm-4 col-xs-6\">\n\t\t\t\t\t\t<h5 style=\"margin-bottom: 0\">Martin Lu&nbsp;Kolbinger<\/h5>\n\t\t\t\t\t\t<span>FH Salzburg \/ Soziale Arbeit und Innovation<\/span>\n                    <\/li>\n\t\t\t\t\t\t\t<li class=\"col-sm-4 col-xs-6\">\n\t\t\t\t\t\t<h5 style=\"margin-bottom: 0\">Markus&nbsp;Seidl<\/h5>\n\t\t\t\t\t\t<span>FH St. P\u00f6lten<\/span>\n                    <\/li>\n\t\t\t\t\t\t\t<li class=\"col-sm-4 col-xs-6\">\n\t\t\t\t\t\t<h5 style=\"margin-bottom: 0\">Gerald&nbsp;Kothleitner<\/h5>\n\t\t\t\t\t\t<span>Zentrum f\u00fcr Elektronenmikroskopie Graz<\/span>\n                    <\/li>\n\t\t\t\t\t\t\t<li class=\"col-sm-4 col-xs-6\">\n\t\t\t\t\t\t<h5 style=\"margin-bottom: 0\">Sebastian&nbsp;Spaun<\/h5>\n\t\t\t\t\t\t<span>Vereinigung der \u00d6sterreichischen Zementindustrie<\/span>\n                    <\/li>\n\t\t\t\t\t\t\t<li class=\"col-sm-4 col-xs-6\">\n\t\t\t\t\t\t<h5 style=\"margin-bottom: 0\">Gerhard&nbsp;Schindelbacher<\/h5>\n\t\t\t\t\t\t<span>\u00d6sterreichisches Gie\u00dferei-Institut<\/span>\n                    <\/li>\n\t\t\t\t\t\t\t<li class=\"col-sm-4 col-xs-6\">\n\t\t\t\t\t\t<h5 style=\"margin-bottom: 0\">Heinz&nbsp;Seyringer<\/h5>\n\t\t\t\t\t\t<span>V-Research<\/span>\n                    <\/li>\n\t\t\t\t\t\t\t<li class=\"col-sm-4 col-xs-6\">\n\t\t\t\t\t\t<h5 style=\"margin-bottom: 0\">Bernhard&nbsp;Jungwirth<\/h5>\n\t\t\t\t\t\t<span>\u00d6IAT<\/span>\n                    <\/li>\n\t\t\t\t\t\t\t<li class=\"col-sm-4 col-xs-6\">\n\t\t\t\t\t\t<h5 style=\"margin-bottom: 0\">Udo&nbsp;Pappler<\/h5>\n\t\t\t\t\t\t<span>OFI<\/span>\n                    <\/li>\n\t\t\t\t\t\t\t<li class=\"col-sm-4 col-xs-6\">\n\t\t\t\t\t\t<h5 style=\"margin-bottom: 0\">Thomas&nbsp;Schiffert<\/h5>\n\t\t\t\t\t\t<span>\u00d6sterreichischer Kachelofenverband<\/span>\n                    <\/li>\n\t\t\t\t\t\t\t<li class=\"col-sm-4 col-xs-6\">\n\t\t\t\t\t\t<h5 style=\"margin-bottom: 0\">Julian&nbsp;Drausinger<\/h5>\n\t\t\t\t\t\t<span>Lebensmittelversuchsanstalt<\/span>\n                    <\/li>\n\t\t\t\t\t\t\t<li class=\"col-sm-4 col-xs-6\">\n\t\t\t\t\t\t<h5 style=\"margin-bottom: 0\">Herwig W.&nbsp;Schneider<\/h5>\n\t\t\t\t\t\t<span>IWI<\/span>\n                    <\/li>\n\t\t\t\t\t\t\t<li class=\"col-sm-4 col-xs-6\">\n\t\t\t\t\t\t<h5 style=\"margin-bottom: 0\">Thomas&nbsp;Oberholzner<\/h5>\n\t\t\t\t\t\t<span>KMU Forschung Austria<\/span>\n                    <\/li>\n\t\t\t\t\t\t\t<li class=\"col-sm-4 col-xs-6\">\n\t\t\t\t\t\t<h5 style=\"margin-bottom: 0\">G\u00fcnther&nbsp;Schwabegger<\/h5>\n\t\t\t\t\t\t<span>IBS\u2009\u2014\u2009Institut f\u00fcr Brandschutztechnik und Sicherheitsforschung<\/span>\n                    <\/li>\n\t\t\t\t\t\t\t<li class=\"col-sm-4 col-xs-6\">\n\t\t\t\t\t\t<h5 style=\"margin-bottom: 0\">Bernhard&nbsp;Lipp<\/h5>\n\t\t\t\t\t\t<span>IBO\u2009\u2014\u2009\u00d6sterreichisches Institut f\u00fcr Baubiologie und -\u00f6kologie<\/span>\n                    <\/li>\n\t\t\t\t\t\t\t<li class=\"col-sm-4 col-xs-6\">\n\t\t\t\t\t\t<h5 style=\"margin-bottom: 0\">Christian&nbsp;Fink<\/h5>\n\t\t\t\t\t\t<span>AEE - Institut f\u00fcr Nachhaltige Technologien<\/span>\n                    <\/li>\n\t\t\t\t\t\t\t<li class=\"col-sm-4 col-xs-6\">\n\t\t\t\t\t\t<h5 style=\"margin-bottom: 0\">Ren\u00e9&nbsp;Eckmann<\/h5>\n\t\t\t\t\t\t<span>BTI\u2009\u2014\u2009Bautechnisches Institut<\/span>\n                    <\/li>\n\t\t\t\t\t\t\t<li class=\"col-sm-4 col-xs-6\">\n\t\t\t\t\t\t<h5 style=\"margin-bottom: 0\">Richard&nbsp;Zweiler<\/h5>\n\t\t\t\t\t\t<span>GET\u2009\u2014\u2009G\u00fcssing Energy Technologies<\/span>\n                    <\/li>\n\t\t\t\t\t\t\t<li class=\"col-sm-4 col-xs-6\">\n\t\t\t\t\t\t<h5 style=\"margin-bottom: 0\">Marcus&nbsp;Keding<\/h5>\n\t\t\t\t\t\t<span>Forschung Burgenland<\/span>\n                    <\/li>\n\t\t\t\t\t\t\t<li class=\"col-sm-4 col-xs-6\">\n\t\t\t\t\t\t<h5 style=\"margin-bottom: 0\">Georg&nbsp;Pehm<\/h5>\n\t\t\t\t\t\t<span>Fachhochschule Burgenland<\/span>\n                    <\/li>\n\t\t\t\t\t\t\t<li class=\"col-sm-4 col-xs-6\">\n\t\t\t\t\t\t<h5 style=\"margin-bottom: 0\">Armin&nbsp;Mahr<\/h5>\n\t\t\t\t\t\t<span>Fachhochschule Wiener Neustadt<\/span>\n                    <\/li>\n\t\t\t\t\t\t\t<li class=\"col-sm-4 col-xs-6\">\n\t\t\t\t\t\t<h5 style=\"margin-bottom: 0\">Karl P.&nbsp;Pfeiffer<\/h5>\n\t\t\t\t\t\t<span>FH Joanneum<\/span>\n                    <\/li>\n\t\t\t\t\t\t\t<li class=\"col-sm-4 col-xs-6\">\n\t\t\t\t\t\t<h5 style=\"margin-bottom: 0\">Andreas&nbsp;Altmann<\/h5>\n\t\t\t\t\t\t<span>MCI | DIE UNTERNEHMERISCHE HOCHSCHULE<\/span>\n                    <\/li>\n\t\t\t<\/ul>\n<\/div>[\/vc_column_text][\/vc_column][\/vc_row][vc_row css=&#8221;.vc_custom_1625742976140{margin-top: 50px !important;margin-bottom: 50px !important;}&#8221;][vc_column][vc_column_text]<div class=\"slider\" data-paging=\"true\">\n\t<ul class=\"slides\">\n\t\t\t\t\t\t\t<li class=\"text-center\">\n\t\t\t\t\t\t<div class=\"testimonial\">\n\t\t\t\t\t\t\t<blockquote>\n\t\t\t\t\t\t\t\t&ldquo;z\u00e4hlen, messen &amp; w\u00e4gen !&rdquo;\t\n\t\t\t\t\t\t\t<\/blockquote>\n\t\t\t\t\t\t\t<h5>\n\t\t\t\t\t\t\t\tklaus&nbsp;RENNMAYR \n\t\t\t\t\t\t\t<\/h5>\n\t\t\t\t\t\t\t<span>\n\t\t\t\t\t\t\t\tboss\t\t\t\t\t\t\t<\/span>\n\t\t\t\t\t\t<\/div>\n\t\t\t\t\t<\/li>\n\t\t\t\t\t\t\t<li class=\"text-center\">\n\t\t\t\t\t\t<div class=\"testimonial\">\n\t\t\t\t\t\t\t<blockquote>\n\t\t\t\t\t\t\t\t&ldquo;Unsere gesellschaftlich-mediale Diskussions- und Konfliktkultur macht mehr als deutlich: Evidenzbasierung ist notwendiger denn je! Wissenschaftlich beforschte Grundlagen erm\u00f6glichen rationale und faire Entscheidungsprozesse  eine nachhaltige Entwicklung sowohl in Sozial&amp;Geisteswissenschaften als auch Naturwissenschaften!&rdquo;\t\n\t\t\t\t\t\t\t<\/blockquote>\n\t\t\t\t\t\t\t<h5>\n\t\t\t\t\t\t\t\tManfred&nbsp;Tauchner \n\t\t\t\t\t\t\t<\/h5>\n\t\t\t\t\t\t\t<span>\n\t\t\t\t\t\t\t\tDepartmentleiter und Studiengangsleiter\t\t\t\t\t\t\t<\/span>\n\t\t\t\t\t\t<\/div>\n\t\t\t\t\t<\/li>\n\t\t\t\t\t\t\t<li class=\"text-center\">\n\t\t\t\t\t\t<div class=\"testimonial\">\n\t\t\t\t\t\t\t<blockquote>\n\t\t\t\t\t\t\t\t&ldquo;Wissen ist die W\u00e4hrung der Zukunft. Die Basis dieser W\u00e4hrung sind die Erkenntnisse der Grundlagenforschung. Der Schl\u00fcssel jedoch f\u00fcr die Entstehung von leistungsf\u00e4higen, sicheren und umweltfreundlichen Produkten ist und bleibt die Forschungsvielfalt! Diese entsteht vor allem, wenn die Basis mit der angewandten Forschung, dem Wissenstransfer und Kreativit\u00e4t verkn\u00fcpft wird. Ohne diese Kombination bleibt Forschung akademisch und kann die Synergien von Wissenschaft und Wirtschaft und der damit einhergehenden Wettbewerbsf\u00e4higkeit und den wertvollen Beitrag zu Besch\u00e4ftigung und Wohlstand nicht vollends entfalten. Die Vielfalt der Forschung ist hier der entscheidende Faktor um ganz vorne mit dabei zu sein!&rdquo;\t\n\t\t\t\t\t\t\t<\/blockquote>\n\t\t\t\t\t\t\t<h5>\n\t\t\t\t\t\t\t\tMariana&nbsp;K\u00fchnel \n\t\t\t\t\t\t\t<\/h5>\n\t\t\t\t\t\t\t<span>\n\t\t\t\t\t\t\t\tGeneralsekret\u00e4r-Stellvertreterin\t\t\t\t\t\t\t<\/span>\n\t\t\t\t\t\t<\/div>\n\t\t\t\t\t<\/li>\n\t\t\t\t\t\t\t<li class=\"text-center\">\n\t\t\t\t\t\t<div class=\"testimonial\">\n\t\t\t\t\t\t\t<blockquote>\n\t\t\t\t\t\t\t\t&ldquo;Die ACR-Landschaft und das FH-Wesen verbindet die Kraft und die Leidenschaft, mit Anwendungsorientierung in Forschung  und Qualifikation die Zukunft des Wertsch\u00f6pfungsstandort \u00d6sterreichs zu sichern.&rdquo;\t\n\t\t\t\t\t\t\t<\/blockquote>\n\t\t\t\t\t\t\t<h5>\n\t\t\t\t\t\t\t\tHerwig&nbsp;Schneider \n\t\t\t\t\t\t\t<\/h5>\n\t\t\t\t\t\t\t<span>\n\t\t\t\t\t\t\t\tGesch\u00e4ftsf\u00fchrer, Industriewissenschaftliches Institut (IWI)\t\t\t\t\t\t\t<\/span>\n\t\t\t\t\t\t<\/div>\n\t\t\t\t\t<\/li>\n\t\t\t\t\t\t\t<li class=\"text-center\">\n\t\t\t\t\t\t<div class=\"testimonial\">\n\t\t\t\t\t\t\t<blockquote>\n\t\t\t\t\t\t\t\t&ldquo;Forschung schafft Know-how  |  Know-how erzeugt Innovation und Wettbewerbsvorteile  |  Wettbewerbsvorteile erm\u00f6glichen Wertsch\u00f6pfung  |  Wertsch\u00f6pfung sichert und schafft neue hochwertige Arbeitspl\u00e4tze  |  Hieraus enstehen wichtige L\u00f6sungen zur Bew\u00e4ltigung der laufenden und immer neuer Herausforderungen (Klimaschutz, Gesundheit usw.), Steueraufkommen, Wohlstand und Lebensqualit\u00e4t St\u00e4rken wir die Vielfalt der Forschung!&rdquo;\t\n\t\t\t\t\t\t\t<\/blockquote>\n\t\t\t\t\t\t\t<h5>\n\t\t\t\t\t\t\t\tAndreas&nbsp;Altmann \n\t\t\t\t\t\t\t<\/h5>\n\t\t\t\t\t\t\t<span>\n\t\t\t\t\t\t\t\tRektor\t\t\t\t\t\t\t<\/span>\n\t\t\t\t\t\t<\/div>\n\t\t\t\t\t<\/li>\n\t\t\t\t\t\t\t<li class=\"text-center\">\n\t\t\t\t\t\t<div class=\"testimonial\">\n\t\t\t\t\t\t\t<blockquote>\n\t\t\t\t\t\t\t\t&ldquo;Unser Netz schl\u00e4ft nie&rdquo;\t\n\t\t\t\t\t\t\t<\/blockquote>\n\t\t\t\t\t\t\t<h5>\n\t\t\t\t\t\t\t\tHerwig&nbsp;Struber \n\t\t\t\t\t\t\t<\/h5>\n\t\t\t\t\t\t\t<span>\n\t\t\t\t\t\t\t\tGesch\u00e4ftsf\u00fchrer\t\t\t\t\t\t\t<\/span>\n\t\t\t\t\t\t<\/div>\n\t\t\t\t\t<\/li>\n\t\t\t\t\t\t\t<li class=\"text-center\">\n\t\t\t\t\t\t<div class=\"testimonial\">\n\t\t\t\t\t\t\t<blockquote>\n\t\t\t\t\t\t\t\t&ldquo;Die gro\u00dfen gesellschaftlichen Herausforderungen unser Zeit verlangen innovative gesellschaftliche und technologische L\u00f6sungen. Eine vielf\u00e4ltige Forschungslandschaft kann die daf\u00fcr notwendige Kreativit\u00e4t und Dynamik entfalten und Zukunftschancen er\u00f6ffnen.&rdquo;\t\n\t\t\t\t\t\t\t<\/blockquote>\n\t\t\t\t\t\t\t<h5>\n\t\t\t\t\t\t\t\tChristian&nbsp;Reiner \n\t\t\t\t\t\t\t<\/h5>\n\t\t\t\t\t\t\t<span>\n\t\t\t\t\t\t\t\tSenior Researcher\t\t\t\t\t\t\t<\/span>\n\t\t\t\t\t\t<\/div>\n\t\t\t\t\t<\/li>\n\t\t\t\t\t\t\t<li class=\"text-center\">\n\t\t\t\t\t\t<div class=\"testimonial\">\n\t\t\t\t\t\t\t<blockquote>\n\t\t\t\t\t\t\t\t&ldquo;Zur L\u00f6sung der Herausforderungen der Zukunft bedarf es einer umfassenden Denk- und Herangehensweise, die getragen wird von ganzheitlich, \u00fcberparteilich, konfessionell nicht gebunden und interdisziplin\u00e4r denkenden F\u00fchrungskr\u00e4ften.&rdquo;\t\n\t\t\t\t\t\t\t<\/blockquote>\n\t\t\t\t\t\t\t<h5>\n\t\t\t\t\t\t\t\tGottfried&nbsp;Reiter \n\t\t\t\t\t\t\t<\/h5>\n\t\t\t\t\t\t\t<span>\n\t\t\t\t\t\t\t\tPr\u00e4sident der Wiener Ringstra\u00dfenakademie\t\t\t\t\t\t\t<\/span>\n\t\t\t\t\t\t<\/div>\n\t\t\t\t\t<\/li>\n\t\t\t\t\t\t\t<li class=\"text-center\">\n\t\t\t\t\t\t<div class=\"testimonial\">\n\t\t\t\t\t\t\t<blockquote>\n\t\t\t\t\t\t\t\t&ldquo;Wissen wirkt!&rdquo;\t\n\t\t\t\t\t\t\t<\/blockquote>\n\t\t\t\t\t\t\t<h5>\n\t\t\t\t\t\t\t\tKristina Edlinger&nbsp;Ploder \n\t\t\t\t\t\t\t<\/h5>\n\t\t\t\t\t\t\t<span>\n\t\t\t\t\t\t\t\tRektorin\/Gesch\u00e4ftsf\u00fchrerin FH CAMPUS 02\t\t\t\t\t\t\t<\/span>\n\t\t\t\t\t\t<\/div>\n\t\t\t\t\t<\/li>\n\t\t\t\t\t\t\t<li class=\"text-center\">\n\t\t\t\t\t\t<div class=\"testimonial\">\n\t\t\t\t\t\t\t<blockquote>\n\t\t\t\t\t\t\t\t&ldquo;Nur mit vielf\u00e4ltiger und offener Forschung werden wir die Zukunft meistern!&rdquo;\t\n\t\t\t\t\t\t\t<\/blockquote>\n\t\t\t\t\t\t\t<h5>\n\t\t\t\t\t\t\t\tJohann&nbsp;Kastner \n\t\t\t\t\t\t\t<\/h5>\n\t\t\t\t\t\t\t<span>\n\t\t\t\t\t\t\t\tVizepr\u00e4sident f\u00fcr F&amp;E\t\t\t\t\t\t\t<\/span>\n\t\t\t\t\t\t<\/div>\n\t\t\t\t\t<\/li>\n\t\t\t\t\t\t\t<li class=\"text-center\">\n\t\t\t\t\t\t<div class=\"testimonial\">\n\t\t\t\t\t\t\t<blockquote>\n\t\t\t\t\t\t\t\t&ldquo;Nur wer die kreative Vielfalt f\u00f6rdert, f\u00f6rdert unkonventionelle L\u00f6sungen - und diese sind die Schl\u00fcssel f\u00fcr die Probleme unserer Zeit.&rdquo;\t\n\t\t\t\t\t\t\t<\/blockquote>\n\t\t\t\t\t\t\t<h5>\n\t\t\t\t\t\t\t\tStefan&nbsp;Suhrer \n\t\t\t\t\t\t\t<\/h5>\n\t\t\t\t\t\t\t<span>\n\t\t\t\t\t\t\t\tEigent\u00fcmer neke-neke GmbH\t\t\t\t\t\t\t<\/span>\n\t\t\t\t\t\t<\/div>\n\t\t\t\t\t<\/li>\n\t\t\t\t\t\t\t<li class=\"text-center\">\n\t\t\t\t\t\t<div class=\"testimonial\">\n\t\t\t\t\t\t\t<blockquote>\n\t\t\t\t\t\t\t\t&ldquo;Grundlagen, Anwendung, Produktentwicklung, Serienproduktion, Verkauf, Wartung- und Reparatur und Entsorgung\/Recycling. Der nat\u00fcrliche Kreislauf. Alles braucht ein theoretisches Fundament durch Forschung unterschiedlichster Einrichtungen und Organisationsformen.&rdquo;\t\n\t\t\t\t\t\t\t<\/blockquote>\n\t\t\t\t\t\t\t<h5>\n\t\t\t\t\t\t\t\tGeorg&nbsp;Stasny \n\t\t\t\t\t\t\t<\/h5>\n\t\t\t\t\t\t\t<span>\n\t\t\t\t\t\t\t\tEigent\u00fcmer F\u00dcHRERSCHEIN-MENSCH.COM\t\t\t\t\t\t\t<\/span>\n\t\t\t\t\t\t<\/div>\n\t\t\t\t\t<\/li>\n\t\t\t\t\t\t\t<li class=\"text-center\">\n\t\t\t\t\t\t<div class=\"testimonial\">\n\t\t\t\t\t\t\t<blockquote>\n\t\t\t\t\t\t\t\t&ldquo;\"Forschung und Wirtschaft m\u00fcssen sich gegenseitig ernst nehmen und respektieren, m\u00fcssen Hand in Hand an der erstrebenswerten Zukunft der gesamten Gesellschaft arbeiten. Das muss bis hin zu gemeinsamen Gesch\u00e4ftsmodellen gehen, denn nur mit der Aussicht auf Profitabilit\u00e4t wird die Langfristperspektive interessant.\"&rdquo;\t\n\t\t\t\t\t\t\t<\/blockquote>\n\t\t\t\t\t\t\t<h5>\n\t\t\t\t\t\t\t\tGudrun&nbsp;Ghezzo \n\t\t\t\t\t\t\t<\/h5>\n\t\t\t\t\t\t\t<span>\n\t\t\t\t\t\t\t\tGesch\u00e4ftsf\u00fchrerin, Ghezzo GmbH\t\t\t\t\t\t\t<\/span>\n\t\t\t\t\t\t<\/div>\n\t\t\t\t\t<\/li>\n\t\t\t\t\t\t\t<li class=\"text-center\">\n\t\t\t\t\t\t<div class=\"testimonial\">\n\t\t\t\t\t\t\t<blockquote>\n\t\t\t\t\t\t\t\t&ldquo;Forschung &amp; Entwicklung sind f\u00fcr uns als unternehmerische Fachhochschule untrennbar mit dem Nutzen der Ergebnisse f\u00fcr die Wirtschaft verbunden. Hier z\u00e4hlen innovative Ans\u00e4tze auf wissenschaftlichem Niveau, strukturiertes Vorgehen und nutzenorientierte L\u00f6sungskompetenz.&rdquo;\t\n\t\t\t\t\t\t\t<\/blockquote>\n\t\t\t\t\t\t\t<h5>\n\t\t\t\t\t\t\t\tErich&nbsp;Brugger \n\t\t\t\t\t\t\t<\/h5>\n\t\t\t\t\t\t\t<span>\n\t\t\t\t\t\t\t\tGesch\u00e4ftsf\u00fchrer\t\t\t\t\t\t\t<\/span>\n\t\t\t\t\t\t<\/div>\n\t\t\t\t\t<\/li>\n\t\t\t\t\t\t\t<li class=\"text-center\">\n\t\t\t\t\t\t<div class=\"testimonial\">\n\t\t\t\t\t\t\t<blockquote>\n\t\t\t\t\t\t\t\t&ldquo;Die Fachhochschulen als St\u00e4tten anwendungsorientierter Forschung tragen ma\u00dfgeblich zur Forschungsleistung in \u00d6sterreich bei. Angewandte Forschung an der FH K\u00e4rnten erfolgt dabei stets in Kooperation mit Unternehmen und Organisationen in der Wirtschaft und Gesellschaft. Gerade deshalb ist die Initiative \u201eForschungsvielfalt\u201c der FHK (Fachhochschul-Konferenz) gemeinsam mit dem ACR (Austrian Kooperative Research) wichtig, um eine noch st\u00e4rkere Vernetzung zwischen den Forschungspartnern untereinander und mit der Wirtschaft und Gesellschaft zu f\u00f6rdern. Und letztendlich soll das Thema \u201eForschungsvielfalt\u201c auch dazu beitragen, dass die Wahrnehmung der angewandten Forschung bei den politischen Entscheidungstr\u00e4ger*innen gest\u00e4rkt wird und \u00fcber das rein universit\u00e4re Grundlagenforschungsbild hinaus erweitert wird.&rdquo;\t\n\t\t\t\t\t\t\t<\/blockquote>\n\t\t\t\t\t\t\t<h5>\n\t\t\t\t\t\t\t\tSiegfried&nbsp;Spanz \n\t\t\t\t\t\t\t<\/h5>\n\t\t\t\t\t\t\t<span>\n\t\t\t\t\t\t\t\tFachhochschule K\u00e4rnten, Gesch\u00e4ftsf\u00fchrer\t\t\t\t\t\t\t<\/span>\n\t\t\t\t\t\t<\/div>\n\t\t\t\t\t<\/li>\n\t\t\t\t\t\t\t<li class=\"text-center\">\n\t\t\t\t\t\t<div class=\"testimonial\">\n\t\t\t\t\t\t\t<blockquote>\n\t\t\t\t\t\t\t\t&ldquo;Wir alle stehen vor gro\u00dfen gesellschaftlichen und wirtschaftlichen Herausforderungen. Es wird vor allem an der Forschungsvielfalt liegen, die Herausforderungen zu meistern und die Transformation sozialvertr\u00e4glich zu unterst\u00fctzen.&rdquo;\t\n\t\t\t\t\t\t\t<\/blockquote>\n\t\t\t\t\t\t\t<h5>\n\t\t\t\t\t\t\t\tBrigitte&nbsp;Ecker \n\t\t\t\t\t\t\t<\/h5>\n\t\t\t\t\t\t\t<span>\n\t\t\t\t\t\t\t\tGesch\u00e4ftsf\u00fchrerin\t\t\t\t\t\t\t<\/span>\n\t\t\t\t\t\t<\/div>\n\t\t\t\t\t<\/li>\n\t\t\t\t\t\t\t<li class=\"text-center\">\n\t\t\t\t\t\t<div class=\"testimonial\">\n\t\t\t\t\t\t\t<blockquote>\n\t\t\t\t\t\t\t\t&ldquo;\u00d6sterreichs Forschung wird im internationalen Wettbewerb erfolgreich sein, wenn wir die vielf\u00e4ltigen St\u00e4rken von Hochschulen, Forschungseinrichtungen, Unternehmen und Einzelnen anerkennen, mobilisieren und zum Zusammenwirken bringen. Gro\u00dfe Ziele erfordern Arbeitsteilung.&rdquo;\t\n\t\t\t\t\t\t\t<\/blockquote>\n\t\t\t\t\t\t\t<h5>\n\t\t\t\t\t\t\t\tArmin&nbsp;Mahr \n\t\t\t\t\t\t\t<\/h5>\n\t\t\t\t\t\t\t<span>\n\t\t\t\t\t\t\t\tGesch\u00e4ftsf\u00fchrer - CEO Fachhochschule Wiener Neustadt\t\t\t\t\t\t\t<\/span>\n\t\t\t\t\t\t<\/div>\n\t\t\t\t\t<\/li>\n\t\t\t\t\t\t\t<li class=\"text-center\">\n\t\t\t\t\t\t<div class=\"testimonial\">\n\t\t\t\t\t\t\t<blockquote>\n\t\t\t\t\t\t\t\t&ldquo;Wir beforschen Arbeitswelten in ihrer ganzen Vielfalt und Breite. Vielfalt ist die Ausgangssituation in der Wirklichkeit \u201eda drau\u00dfen\u201c und insofern auch f\u00fcr den Zugang der Forschung dazu. Ohne Verst\u00e4ndnis f\u00fcr unterschiedliche Konstellationen und deren Vergleich lassen sich weder Forschungsergebnisse noch praktische L\u00f6sungen generieren. Forschungspolitik ist angehalten, Monokulturen zu vermeiden, zugunsten von Forschungsvielfalt.&rdquo;\t\n\t\t\t\t\t\t\t<\/blockquote>\n\t\t\t\t\t\t\t<h5>\n\t\t\t\t\t\t\t\tThomas&nbsp;Riesenecker-Caba \n\t\t\t\t\t\t\t<\/h5>\n\t\t\t\t\t\t\t<span>\n\t\t\t\t\t\t\t\tGesch\u00e4ftsf\u00fchrer Forschungs- und Beratungsstelle Arbeitswelt (FORBA)\t\t\t\t\t\t\t<\/span>\n\t\t\t\t\t\t<\/div>\n\t\t\t\t\t<\/li>\n\t\t\t\t\t\t\t<li class=\"text-center\">\n\t\t\t\t\t\t<div class=\"testimonial\">\n\t\t\t\t\t\t\t<blockquote>\n\t\t\t\t\t\t\t\t&ldquo;Diversit\u00e4t in der Forschung ist der Garant f\u00fcr Innovation und exzellente wissenschaftliche Leistungen.&rdquo;\t\n\t\t\t\t\t\t\t<\/blockquote>\n\t\t\t\t\t\t\t<h5>\n\t\t\t\t\t\t\t\tKarin&nbsp;Waldherr \n\t\t\t\t\t\t\t<\/h5>\n\t\t\t\t\t\t\t<span>\n\t\t\t\t\t\t\t\tLeiterin Stabsstelle Forschung &amp; Entwicklung\t\t\t\t\t\t\t<\/span>\n\t\t\t\t\t\t<\/div>\n\t\t\t\t\t<\/li>\n\t\t\t\t\t\t\t<li class=\"text-center\">\n\t\t\t\t\t\t<div class=\"testimonial\">\n\t\t\t\t\t\t\t<blockquote>\n\t\t\t\t\t\t\t\t&ldquo;Eine Smart Production ist der Grundstein f\u00fcr eine langfristige, nachhaltige Produktion in \u00d6sterreich!&rdquo;\t\n\t\t\t\t\t\t\t<\/blockquote>\n\t\t\t\t\t\t\t<h5>\n\t\t\t\t\t\t\t\tManuel&nbsp;Brunner \n\t\t\t\t\t\t\t<\/h5>\n\t\t\t\t\t\t\t<span>\n\t\t\t\t\t\t\t\tLeiter Center of Excellence for Smart Production\t\t\t\t\t\t\t<\/span>\n\t\t\t\t\t\t<\/div>\n\t\t\t\t\t<\/li>\n\t\t\t\t\t\t\t<li class=\"text-center\">\n\t\t\t\t\t\t<div class=\"testimonial\">\n\t\t\t\t\t\t\t<blockquote>\n\t\t\t\t\t\t\t\t&ldquo;Die Forschungsaktivit\u00e4ten der FH JOANNEUM umfassen im Sinne angewandter Forschung den Transfer von Ergebnissen der Grundlagenforschung bis hin zum Angebot von innovativen Entwicklungen \u2013 zumeist in Kooperation mit Partnern aus Wirtschaft und Gesellschaft. Auf diese Weise sind sowohl ein enger Bezug zur Lehre als auch eine hohe Relevanz f\u00fcr die praktische Anwendung sichergestellt.&rdquo;\t\n\t\t\t\t\t\t\t<\/blockquote>\n\t\t\t\t\t\t\t<h5>\n\t\t\t\t\t\t\t\tMartin&nbsp;Payer \n\t\t\t\t\t\t\t<\/h5>\n\t\t\t\t\t\t\t<span>\n\t\t\t\t\t\t\t\tGesch\u00e4ftsf\u00fchrer der FH JOANNEUM\t\t\t\t\t\t\t<\/span>\n\t\t\t\t\t\t<\/div>\n\t\t\t\t\t<\/li>\n\t\t\t\t\t\t\t<li class=\"text-center\">\n\t\t\t\t\t\t<div class=\"testimonial\">\n\t\t\t\t\t\t\t<blockquote>\n\t\t\t\t\t\t\t\t&ldquo;Das Forschungsinstitut f\u00fcr Wirtschaftspsychologie sieht sich in der Aufgabe die wissenschaftlichen Erkenntnisse auch in die Praxis zu bringen und somit Organisationen nach aktuellen wissenschaftlichen Erkenntnissen zu entwickeln.&rdquo;\t\n\t\t\t\t\t\t\t<\/blockquote>\n\t\t\t\t\t\t\t<h5>\n\t\t\t\t\t\t\t\tJ\u00fcrgen&nbsp;Kaschube \n\t\t\t\t\t\t\t<\/h5>\n\t\t\t\t\t\t\t<span>\n\t\t\t\t\t\t\t\tGF, wissenschaftlicher Leiter Forschungsinstitut f\u00fcr Wirtschaftspsychologie\t\t\t\t\t\t\t<\/span>\n\t\t\t\t\t\t<\/div>\n\t\t\t\t\t<\/li>\n\t\t\t\t\t\t\t<li class=\"text-center\">\n\t\t\t\t\t\t<div class=\"testimonial\">\n\t\t\t\t\t\t\t<blockquote>\n\t\t\t\t\t\t\t\t&ldquo;Research makes the difference!&rdquo;\t\n\t\t\t\t\t\t\t<\/blockquote>\n\t\t\t\t\t\t\t<h5>\n\t\t\t\t\t\t\t\tGertie Janneke&nbsp;Oostingh \n\t\t\t\t\t\t\t<\/h5>\n\t\t\t\t\t\t\t<span>\n\t\t\t\t\t\t\t\tStudiengangs- und Forschungsleiterin der STG BMA\t\t\t\t\t\t\t<\/span>\n\t\t\t\t\t\t<\/div>\n\t\t\t\t\t<\/li>\n\t\t\t\t\t\t\t<li class=\"text-center\">\n\t\t\t\t\t\t<div class=\"testimonial\">\n\t\t\t\t\t\t\t<blockquote>\n\t\t\t\t\t\t\t\t&ldquo;Schon jetzt wissen wir \u00fcber ziemlich viel ziemlich wenig. Wie wird das erst werden, wenn die Zukunft, deren Fragen wir noch weniger als ziemlich wenig kennen, die Gegenwart geworden ist?Diversit\u00e4t ist eine m\u00f6gliche Strategie. Wahrscheinlich.Aber was f\u00fcr einzelne Teams und Unternehmen gilt, gilt wohl auch f\u00fcr das ganze System: Eine gr\u00f6\u00dfere Vielfalt nur \"anzustreben\" reicht f\u00fcr sich nicht aus. Es muss ein Umfeld geschaffen werden, in dem sich alle als Beteiligte f\u00fchlen und auch klein damit anfangen k\u00f6nnen, gro\u00df zu denken.&rdquo;\t\n\t\t\t\t\t\t\t<\/blockquote>\n\t\t\t\t\t\t\t<h5>\n\t\t\t\t\t\t\t\tMartin&nbsp;Staudinger \n\t\t\t\t\t\t\t<\/h5>\n\t\t\t\t\t\t\t<span>\n\t\t\t\t\t\t\t\tAkademischer Leiter FernFH\t\t\t\t\t\t\t<\/span>\n\t\t\t\t\t\t<\/div>\n\t\t\t\t\t<\/li>\n\t\t\t\t\t\t\t<li class=\"text-center\">\n\t\t\t\t\t\t<div class=\"testimonial\">\n\t\t\t\t\t\t\t<blockquote>\n\t\t\t\t\t\t\t\t&ldquo;Innovation is an idea in action.(Hans-J\u00fcrgen Quadbeck-Seeger)&rdquo;\t\n\t\t\t\t\t\t\t<\/blockquote>\n\t\t\t\t\t\t\t<h5>\n\t\t\t\t\t\t\t\tSigi&nbsp;K\u00e4mmerer \n\t\t\t\t\t\t\t<\/h5>\n\t\t\t\t\t\t\t<span>\n\t\t\t\t\t\t\t\tLeitung Hochschulkommunikation &amp; Marketing\t\t\t\t\t\t\t<\/span>\n\t\t\t\t\t\t<\/div>\n\t\t\t\t\t<\/li>\n\t\t\t\t\t\t\t<li class=\"text-center\">\n\t\t\t\t\t\t<div class=\"testimonial\">\n\t\t\t\t\t\t\t<blockquote>\n\t\t\t\t\t\t\t\t&ldquo;Die anwendungsorientierte Forschung unseres interdisziplin\u00e4ren Teams unterst\u00fctzt gesellschaftliches Engagement, um Wien als soziale Stadt weiterzuentwickeln. Indem wir besser verstehen, wie soziale Innovation funktioniert, k\u00f6nnen wir sie in vielf\u00e4ltigen Kooperationen systematischer nutzen.&rdquo;\t\n\t\t\t\t\t\t\t<\/blockquote>\n\t\t\t\t\t\t\t<h5>\n\t\t\t\t\t\t\t\tJohannes&nbsp;Gorbach \n\t\t\t\t\t\t\t<\/h5>\n\t\t\t\t\t\t\t<span>\n\t\t\t\t\t\t\t\tProjektleitung Social Innovation Research Unit [SIRU]\t\t\t\t\t\t\t<\/span>\n\t\t\t\t\t\t<\/div>\n\t\t\t\t\t<\/li>\n\t\t\t\t\t\t\t<li class=\"text-center\">\n\t\t\t\t\t\t<div class=\"testimonial\">\n\t\t\t\t\t\t\t<blockquote>\n\t\t\t\t\t\t\t\t&ldquo;Gerade f\u00fcr KMU bietet der niederschwellige Zugang zu Forschungsleistung eine wichtige M\u00f6glichkeit, sich im nationalen und internationalen Wettbewerb zu behaupten. Student*innen k\u00f6nnen dabei oft erste Forschungserfahrungen sammeln und der Austausch zwischen Industrie und Forschung er\u00f6ffnet allen Beteiligten neue Perspektiven.&rdquo;\t\n\t\t\t\t\t\t\t<\/blockquote>\n\t\t\t\t\t\t\t<h5>\n\t\t\t\t\t\t\t\tStefan&nbsp;Litzenberger \n\t\t\t\t\t\t\t<\/h5>\n\t\t\t\t\t\t\t<span>\n\t\t\t\t\t\t\t\tStudiengangsleiter FH Technikum Wien\t\t\t\t\t\t\t<\/span>\n\t\t\t\t\t\t<\/div>\n\t\t\t\t\t<\/li>\n\t\t\t\t\t\t\t<li class=\"text-center\">\n\t\t\t\t\t\t<div class=\"testimonial\">\n\t\t\t\t\t\t\t<blockquote>\n\t\t\t\t\t\t\t\t&ldquo;Forschung ist so vielf\u00e4ltig wie die Gesellschaft und die Industrie! Und wir beobachten speziell ein Zusammenwachsen von Disziplinen - Kunststoff nutzt Metall, IT nutzt Sensorik, Fertigung nutzt KI, alle brauchen Daten!&rdquo;\t\n\t\t\t\t\t\t\t<\/blockquote>\n\t\t\t\t\t\t\t<h5>\n\t\t\t\t\t\t\t\tRobert&nbsp;Holzer \n\t\t\t\t\t\t\t<\/h5>\n\t\t\t\t\t\t\t<span>\n\t\t\t\t\t\t\t\tBusiness Development Manager RECENDT - Research Center for Non-Destructive Testing GmbH\t\t\t\t\t\t\t<\/span>\n\t\t\t\t\t\t<\/div>\n\t\t\t\t\t<\/li>\n\t\t\t\t\t\t\t<li class=\"text-center\">\n\t\t\t\t\t\t<div class=\"testimonial\">\n\t\t\t\t\t\t\t<blockquote>\n\t\t\t\t\t\t\t\t&ldquo;Vielfalt in der Forschung bedeutet f\u00fcr mich auch eine gemeinsame Grundlage zu haben. Dazu geh\u00f6rt gute Fragen zu stellen, neuartige L\u00f6sungen zu suchen und die Welt damit ein St\u00fcck besser machen. Das vereint uns Forscherinnen und Forscher, egal ob Grundlagen, angewandt oder industriell.&rdquo;\t\n\t\t\t\t\t\t\t<\/blockquote>\n\t\t\t\t\t\t\t<h5>\n\t\t\t\t\t\t\t\tSiegfried&nbsp;Reich \n\t\t\t\t\t\t\t<\/h5>\n\t\t\t\t\t\t\t<span>\n\t\t\t\t\t\t\t\tGesch\u00e4ftsf\u00fchrer Salzburg Research\t\t\t\t\t\t\t<\/span>\n\t\t\t\t\t\t<\/div>\n\t\t\t\t\t<\/li>\n\t\t\t\t\t\t\t<li class=\"text-center\">\n\t\t\t\t\t\t<div class=\"testimonial\">\n\t\t\t\t\t\t\t<blockquote>\n\t\t\t\t\t\t\t\t&ldquo;Qualitativ wertige Forschung versteht es komplexe Sachverhalte grundlagenm\u00e4\u00dfig zu erfassen, anwendungsbereit zu machen und in die Praxis \u00fcberzuleiten. Problemabh\u00e4ngig sind daf\u00fcr unterschiedliche Zug\u00e4nge und gr\u00f6\u00dftm\u00f6gliche Fexibilit\u00e4t, kurzum, Vielf\u00e4ltigkeit in der Forschung unerl\u00e4sslich.&rdquo;\t\n\t\t\t\t\t\t\t<\/blockquote>\n\t\t\t\t\t\t\t<h5>\n\t\t\t\t\t\t\t\tGerald&nbsp;Kothleitner \n\t\t\t\t\t\t\t<\/h5>\n\t\t\t\t\t\t\t<span>\n\t\t\t\t\t\t\t\tLeiter Zentrum f\u00fcr Elektronenmikroskopie Graz\t\t\t\t\t\t\t<\/span>\n\t\t\t\t\t\t<\/div>\n\t\t\t\t\t<\/li>\n\t\t\t\t\t\t\t<li class=\"text-center\">\n\t\t\t\t\t\t<div class=\"testimonial\">\n\t\t\t\t\t\t\t<blockquote>\n\t\t\t\t\t\t\t\t&ldquo;Gerade die CORONA-Krise hat gezeigt, was ein vielf\u00e4ltiges und differenziertes Forschungs- und Innovationssystem in kurzer Zeit zu leisten vermag. \u00d6sterreich hat im internationalen Raum zu Recht einen ausgezeichneten Ruf als Forschungsnation, den es zu bewahren und auszubauen gilt. Eine gute Mischung von interessensgeleiteter Grundlagenforschung sowie anwendungsorientierter Spitzenorschung und -entwicklung erlaubt die Adressierung der wichtigsten Fragen, die die Entwicklung unserer Gesellschaft heute und morgen besch\u00e4ftigen. Die optimale Kombination von wettbewerblicher bottom-up-F\u00f6rderung und strategischen Kerninteressen im \u00f6sterreichischen und europ\u00e4ischen Kontext ist dabei ebenso wichtig wie ein geeignetes Klima, dass die Entwicklung von Wissenschaft und Forschung f\u00f6rdert. Vielfalt und Wettbewerb sind dabei ebenso wichtig wie die Nutzung von Synergien und institutionalisierte Kooperationen zwischen Wissenschaft, Wirtschaft und Gesellschaft.In diesem Sinne unterst\u00fctzt die acib GmbH, \u00d6sterreichs Kompetenz- und Exzellenzzentrum f\u00fcr Industrielle Biotechnologie, die Ziele der Initiative Forschungsvielfalt.&rdquo;\t\n\t\t\t\t\t\t\t<\/blockquote>\n\t\t\t\t\t\t\t<h5>\n\t\t\t\t\t\t\t\tMathias&nbsp;Drexler \n\t\t\t\t\t\t\t<\/h5>\n\t\t\t\t\t\t\t<span>\n\t\t\t\t\t\t\t\tCEO acib GmbH\t\t\t\t\t\t\t<\/span>\n\t\t\t\t\t\t<\/div>\n\t\t\t\t\t<\/li>\n\t\t\t\t\t\t\t<li class=\"text-center\">\n\t\t\t\t\t\t<div class=\"testimonial\">\n\t\t\t\t\t\t\t<blockquote>\n\t\t\t\t\t\t\t\t&ldquo;Exzellente Forschungsleistungen wirken sich positiv auf den gesamten Wirtschaftsstandort \u00d6sterreich aus. Das enge Zusammenwirken von Forschung und Industrie erm\u00f6glicht es komplexe Fragestellungen effizient zu bearbeiten und schafft einen internationalen Wettbewerbsvorteil.&rdquo;\t\n\t\t\t\t\t\t\t<\/blockquote>\n\t\t\t\t\t\t\t<h5>\n\t\t\t\t\t\t\t\tReinhard&nbsp;Puffing \n\t\t\t\t\t\t\t<\/h5>\n\t\t\t\t\t\t\t<span>\n\t\t\t\t\t\t\t\tGesch\u00e4ftsf\u00fchrer \u00d6sterreichisches Institut f\u00fcr Vereisungswissenschaften in der Luftfahrt\t\t\t\t\t\t\t<\/span>\n\t\t\t\t\t\t<\/div>\n\t\t\t\t\t<\/li>\n\t\t\t\t\t\t\t<li class=\"text-center\">\n\t\t\t\t\t\t<div class=\"testimonial\">\n\t\t\t\t\t\t\t<blockquote>\n\t\t\t\t\t\t\t\t&ldquo;Innovation ist der K\u00f6nigsweg f\u00fcr eine menschliche Zukunft und die Zukunft des Menschen.&rdquo;\t\n\t\t\t\t\t\t\t<\/blockquote>\n\t\t\t\t\t\t\t<h5>\n\t\t\t\t\t\t\t\tWolfgang&nbsp;Amann \n\t\t\t\t\t\t\t<\/h5>\n\t\t\t\t\t\t\t<span>\n\t\t\t\t\t\t\t\tGesch\u00e4ftsf\u00fchrer Institut f\u00fcr Immobilien, Bauen und Wohnen GmbH\t\t\t\t\t\t\t<\/span>\n\t\t\t\t\t\t<\/div>\n\t\t\t\t\t<\/li>\n\t\t\t\t\t\t\t<li class=\"text-center\">\n\t\t\t\t\t\t<div class=\"testimonial\">\n\t\t\t\t\t\t\t<blockquote>\n\t\t\t\t\t\t\t\t&ldquo;Soziale Transformation braucht Vielfalt.Wissenschaft braucht Vielfalt.Zukunft braucht Vielfalt.&rdquo;\t\n\t\t\t\t\t\t\t<\/blockquote>\n\t\t\t\t\t\t\t<h5>\n\t\t\t\t\t\t\t\tMartin Lu&nbsp;Kolbinger \n\t\t\t\t\t\t\t<\/h5>\n\t\t\t\t\t\t\t<span>\n\t\t\t\t\t\t\t\tStudiengangs- und Forschungsleitung FH Salzburg \/ Soziale Arbeit und Innovation\t\t\t\t\t\t\t<\/span>\n\t\t\t\t\t\t<\/div>\n\t\t\t\t\t<\/li>\n\t\t\t\t\t\t\t<li class=\"text-center\">\n\t\t\t\t\t\t<div class=\"testimonial\">\n\t\t\t\t\t\t\t<blockquote>\n\t\t\t\t\t\t\t\t&ldquo;Qualitativ wertige Forschung versteht es komplexe Sachverhalte grundlagenm\u00e4\u00dfig zu erfassen, anwendungsbereit zu machen und in die Praxis \u00fcberzuleiten. Problemabh\u00e4ngig sind daf\u00fcr unterschiedliche Zug\u00e4nge und gr\u00f6\u00dftm\u00f6gliche Fexibilit\u00e4t, kurzum, Vielf\u00e4ltigkeit in der Forschung unerl\u00e4sslich.&rdquo;\t\n\t\t\t\t\t\t\t<\/blockquote>\n\t\t\t\t\t\t\t<h5>\n\t\t\t\t\t\t\t\tGerald&nbsp;Kothleitner \n\t\t\t\t\t\t\t<\/h5>\n\t\t\t\t\t\t\t<span>\n\t\t\t\t\t\t\t\tGesch\u00e4ftsf\u00fchrer ZFE\t\t\t\t\t\t\t<\/span>\n\t\t\t\t\t\t<\/div>\n\t\t\t\t\t<\/li>\n\t\t\t\t\t\t\t<li class=\"text-center\">\n\t\t\t\t\t\t<div class=\"testimonial\">\n\t\t\t\t\t\t\t<blockquote>\n\t\t\t\t\t\t\t\t&ldquo;Die kleinen und mittleren Unternehmen (KMU) \u00d6sterreichs sind durch gro\u00dfe Vielfalt gepr\u00e4gt. Um KMU in ihrer Innovationsleistung zu unterst\u00fctzen, ist deshalb ein ebenso vielf\u00e4ltiges, ausdifferenziertes System an Forschungseinrichtungen erforderlich, das den unterschiedlichen Anforderungen der Unternehmen f\u00fcr eine effektive Zusammenarbeit bei Forschung und Innovation gerecht wird.&rdquo;\t\n\t\t\t\t\t\t\t<\/blockquote>\n\t\t\t\t\t\t\t<h5>\n\t\t\t\t\t\t\t\tThomas&nbsp;Oberholzner \n\t\t\t\t\t\t\t<\/h5>\n\t\t\t\t\t\t\t<span>\n\t\t\t\t\t\t\t\tInstitutsleiter KMU Forschung Austria\t\t\t\t\t\t\t<\/span>\n\t\t\t\t\t\t<\/div>\n\t\t\t\t\t<\/li>\n\t\t\t\t\t\t\t<li class=\"text-center\">\n\t\t\t\t\t\t<div class=\"testimonial\">\n\t\t\t\t\t\t\t<blockquote>\n\t\t\t\t\t\t\t\t&ldquo;Wir besch\u00e4ftigen uns in der Forschung Burgenland intensiv mit den Antworten auf Greta Thunbergs Fragen. Wir planen Investitionen f\u00fcr eine klimafreundliche Zukunft. Zwei neue Forschungsgeb\u00e4ude, eine Anlage zur Aufbereitung von Abf\u00e4llen, die Demonstration von Wasserstofftechnologien an einem Energieknotenpunkt und die Integration von Batteriegro\u00dfspeichern in einem regionalen Stromnetz sind derzeit geplant. Ohne Vielfalt in der Forschung w\u00e4re dies nicht m\u00f6glich.&rdquo;\t\n\t\t\t\t\t\t\t<\/blockquote>\n\t\t\t\t\t\t\t<h5>\n\t\t\t\t\t\t\t\tMarcus&nbsp;Keding \n\t\t\t\t\t\t\t<\/h5>\n\t\t\t\t\t\t\t<span>\n\t\t\t\t\t\t\t\tGesch\u00e4ftsf\u00fchrer Forschung Burgenland\t\t\t\t\t\t\t<\/span>\n\t\t\t\t\t\t<\/div>\n\t\t\t\t\t<\/li>\n\t\t\t\t\t\t\t<li class=\"text-center\">\n\t\t\t\t\t\t<div class=\"testimonial\">\n\t\t\t\t\t\t\t<blockquote>\n\t\t\t\t\t\t\t\t&ldquo;Wir an der FH Burgenland messen Forschung, Technologie und Innovation gro\u00dfe Bedeutung zu \u2013 einerseits als wesentlicher Faktor f\u00fcr forschungsgeleitete Lehre und andererseits als wichtigste FTI-Institution der Region. Die Initiative: Forschungsvielfalt in ihren Vorhaben zu unterst\u00fctzen, ist daher eine Selbstverst\u00e4ndlichkeit.&rdquo;\t\n\t\t\t\t\t\t\t<\/blockquote>\n\t\t\t\t\t\t\t<h5>\n\t\t\t\t\t\t\t\tGeorg&nbsp;Pehm \n\t\t\t\t\t\t\t<\/h5>\n\t\t\t\t\t\t\t<span>\n\t\t\t\t\t\t\t\tGesch\u00e4ftsf\u00fchrer Fachhochschule Burgenland\t\t\t\t\t\t\t<\/span>\n\t\t\t\t\t\t<\/div>\n\t\t\t\t\t<\/li>\n\t\t\t\t\t\t\t<li class=\"text-center\">\n\t\t\t\t\t\t<div class=\"testimonial\">\n\t\t\t\t\t\t\t<blockquote>\n\t\t\t\t\t\t\t\t&ldquo;\u00d6sterreichs Forschung wird im internationalen Wettbewerb erfolgreich sein, wenn wir die vielf\u00e4ltigen St\u00e4rken von Hochschulen, Forschungseinrichtungen, Unternehmen und Einzelnen anerkennen, mobilisieren und zum Zusammenwirken bringen. Gro\u00dfe Ziele erfordern Arbeitsteilung.&rdquo;\t\n\t\t\t\t\t\t\t<\/blockquote>\n\t\t\t\t\t\t\t<h5>\n\t\t\t\t\t\t\t\tArmin&nbsp;Mahr \n\t\t\t\t\t\t\t<\/h5>\n\t\t\t\t\t\t\t<span>\n\t\t\t\t\t\t\t\tCEO Fachhochschule Wiener Neustadt\t\t\t\t\t\t\t<\/span>\n\t\t\t\t\t\t<\/div>\n\t\t\t\t\t<\/li>\n\t\t\t\t\t\t\t<li class=\"text-center\">\n\t\t\t\t\t\t<div class=\"testimonial\">\n\t\t\t\t\t\t\t<blockquote>\n\t\t\t\t\t\t\t\t&ldquo;Die Third Mission ist f\u00fcr uns als Hochschule f\u00fcr angewandte Wissenschaften neben Lehre und Forschung eine tragende S\u00e4ule indem wir das Konzept \u201evon der Idee zur Anwendung\u201c verfolgen und so zur Innovation und gesellschaftlichen Weiterentwicklung auf regionaler, nationaler und internationaler Ebene unseren Beitrag leisten.&rdquo;\t\n\t\t\t\t\t\t\t<\/blockquote>\n\t\t\t\t\t\t\t<h5>\n\t\t\t\t\t\t\t\tKarl P.&nbsp;Pfeiffer \n\t\t\t\t\t\t\t<\/h5>\n\t\t\t\t\t\t\t<span>\n\t\t\t\t\t\t\t\tGesch\u00e4ftsf\u00fchrer FH Joanneum\t\t\t\t\t\t\t<\/span>\n\t\t\t\t\t\t<\/div>\n\t\t\t\t\t<\/li>\n\t\t\t\t\t\t\t<li class=\"text-center\">\n\t\t\t\t\t\t<div class=\"testimonial\">\n\t\t\t\t\t\t\t<blockquote>\n\t\t\t\t\t\t\t\t&ldquo;Wo Wissensdurst, Kreativit\u00e4t und Freude am Gestalten erlebbar sind, entsteht Neues und braucht man sich um die Zukunft keine Sorgen zu machen. Forschung ist dann besonders wertvoll, wenn sie \u00fcber den Erkenntnisgewinn hinaus zu L\u00f6sungen f\u00fchrt. Dies ist in besonders in einer engen Zusammenarbeit von Wissenschaft, Wirtschaft &amp; Gesellschaft erlebbar. Wir brauchen eine Forschungspolitik, die Standortpolitik \u00fcber Standespolitik stellt und das Promotionsrecht und eine Forschungsbasisfinanzierung nicht auf Universit\u00e4ten beschr\u00e4nkt.&rdquo;\t\n\t\t\t\t\t\t\t<\/blockquote>\n\t\t\t\t\t\t\t<h5>\n\t\t\t\t\t\t\t\tAndreas&nbsp;Altmann \n\t\t\t\t\t\t\t<\/h5>\n\t\t\t\t\t\t\t<span>\n\t\t\t\t\t\t\t\tRektor MCI\t\t\t\t\t\t\t<\/span>\n\t\t\t\t\t\t<\/div>\n\t\t\t\t\t<\/li>\n\t\t\t<\/ul>\n<\/div>[\/vc_column_text][\/vc_column][\/vc_row][\/vc_section]<\/p>\n","protected":false},"excerpt":{"rendered":"<p>[vc_section css=&#8221;.vc_custom_1625743168837{padding-bottom: 50px !important;}&#8221;][vc_row gap=&#8221;35&#8243;][vc_column][vc_column_text el_class=&#8221;lead&#8221;] Ergebnisbericht: Forschungsvielfalt: Bessere Rahmenbedingungen gew\u00fcnscht! Veranstaltung am 20. Juni 2023 &#8211; Forschungsvielfalt: Bessere Rahmenbedingungen gew\u00fcnscht! Die&#8230;<\/p>\n","protected":false},"author":2,"featured_media":0,"parent":0,"menu_order":0,"comment_status":"closed","ping_status":"closed","template":"","meta":{"_acf_changed":false,"footnotes":""},"class_list":["post-6","page","type-page","status-publish","hentry"],"acf":[],"_links":{"self":[{"href":"https:\/\/www.forschungsvielfalt.at\/index.php?rest_route=\/wp\/v2\/pages\/6","targetHints":{"allow":["GET"]}}],"collection":[{"href":"https:\/\/www.forschungsvielfalt.at\/index.php?rest_route=\/wp\/v2\/pages"}],"about":[{"href":"https:\/\/www.forschungsvielfalt.at\/index.php?rest_route=\/wp\/v2\/types\/page"}],"author":[{"embeddable":true,"href":"https:\/\/www.forschungsvielfalt.at\/index.php?rest_route=\/wp\/v2\/users\/2"}],"replies":[{"embeddable":true,"href":"https:\/\/www.forschungsvielfalt.at\/index.php?rest_route=%2Fwp%2Fv2%2Fcomments&post=6"}],"version-history":[{"count":166,"href":"https:\/\/www.forschungsvielfalt.at\/index.php?rest_route=\/wp\/v2\/pages\/6\/revisions"}],"predecessor-version":[{"id":3681,"href":"https:\/\/www.forschungsvielfalt.at\/index.php?rest_route=\/wp\/v2\/pages\/6\/revisions\/3681"}],"wp:attachment":[{"href":"https:\/\/www.forschungsvielfalt.at\/index.php?rest_route=%2Fwp%2Fv2%2Fmedia&parent=6"}],"curies":[{"name":"wp","href":"https:\/\/api.w.org\/{rel}","templated":true}]}}